{"id":52833,"date":"2026-04-09T16:28:26","date_gmt":"2026-04-09T16:28:26","guid":{"rendered":"https:\/\/www.donbosco.press\/?page_id=52833"},"modified":"2026-04-09T19:51:29","modified_gmt":"2026-04-09T19:51:29","slug":"exame-de-consciencia-evangelico","status":"publish","type":"page","link":"https:\/\/www.donbosco.press\/pt-pt\/exame-de-consciencia-evangelico\/","title":{"rendered":"Exame de consci\u00eancia evang\u00e9lico"},"content":{"rendered":"<table style=\"width:100% !important; table-layout:auto !important; border-collapse:collapse;\">\n<colgroup>\n<col style=\"width:1%;\">\n<col style=\"width:auto;\">\n<col style=\"width:auto;\">\n  <\/colgroup>\n<tbody>\n<tr>\n<td colspan=\"3\"><strong>\u00a0<\/strong><\/p>\n<p><strong>1. F\u00c9 AUT\u00caNTICA E VIDA INTERIOR<\/strong><\/td>\n<\/tr>\n<tr>\n<td style=\"white-space:nowrap;\">Mt 3,8-9<\/td>\n<td>Produzi fruto que mostre vossa convers\u00e3o. N\u00e3o penseis que basta dizer: \u201cNosso pai \u00e9 Abra\u00e3o!\u201d<\/td>\n<td>Percebo que n\u00e3o \u00e9 a heran\u00e7a religiosa que me salva, mas a minha pr\u00f3pria f\u00e9 vivida todos os dias?<\/td>\n<\/tr>\n<tr>\n<td style=\"white-space:nowrap;\">Lc 24,5<\/td>\n<td>Por que procurais entre os mortos aquele que est\u00e1 vivo?<\/td>\n<td>Busco o Jesus vivo e ressuscitado ou um personagem hist\u00f3rico do passado?<\/td>\n<\/tr>\n<tr>\n<td style=\"white-space:nowrap;\">Lc 24,16<\/td>\n<td>Os seus olhos, por\u00e9m, estavam como vendados, incapazes de reconhec\u00ea-lo.<\/td>\n<td>H\u00e1 algo em mim que me impede de reconhecer Jesus na minha vida?<\/td>\n<\/tr>\n<tr>\n<td style=\"white-space:nowrap;\">Lc 24,21<\/td>\n<td>N\u00f3s esper\u00e1vamos que fosse ele quem libertaria Israel.<\/td>\n<td>Cultivo esperan\u00e7as em Deus que na verdade s\u00e3o meus desejos materiais e me decepciono quando n\u00e3o se realizam?<\/td>\n<\/tr>\n<tr>\n<td style=\"white-space:nowrap;\">Lc 24,32<\/td>\n<td>N\u00e3o estava ardendo o nosso cora\u00e7\u00e3o, quando ele nos falava pelo caminho, e nos explicava as Escrituras?<\/td>\n<td>Quando ou\u00e7o a Palavra de Deus, meu cora\u00e7\u00e3o arde de verdade ou permane\u00e7o frio e indiferente?<\/td>\n<\/tr>\n<tr>\n<td style=\"white-space:nowrap;\">Jo 3,30<\/td>\n<td>\u00c9 necess\u00e1rio que ele cres\u00e7a, e eu diminua.<\/td>\n<td>Na minha vida de f\u00e9 percebe-se um progresso, que \u00e9 Cristo vivendo em mim?<\/td>\n<\/tr>\n<tr>\n<td style=\"white-space:nowrap;\">Jo 3,32<\/td>\n<td>Ele d\u00e1 testemunho do que viu e ouviu.<\/td>\n<td>Testemunho Jesus a partir daquilo que efetivamente encontrei na minha experi\u00eancia de f\u00e9?<\/td>\n<\/tr>\n<tr>\n<td style=\"white-space:nowrap;\">Jo 6,47<\/td>\n<td>Em verdade, em verdade, vos digo: quem cr\u00ea tem a vida eterna.<\/td>\n<td>Creio de verdade que j\u00e1 tenho a vida eterna em virtude da f\u00e9, ou a vida eterna \u00e9 para mim apenas uma hip\u00f3tese?<\/td>\n<\/tr>\n<tr>\n<td style=\"white-space:nowrap;\">Jo 6,67<\/td>\n<td>V\u00f3s tamb\u00e9m quereis ir embora?<\/td>\n<td>Permane\u00e7o fiel a Jesus mesmo quando suas palavras parecem dif\u00edceis e muitos v\u00e3o embora?<\/td>\n<\/tr>\n<tr>\n<td style=\"white-space:nowrap;\">Lc 18,8<\/td>\n<td>O Filho do Homem, quando vier, ser\u00e1 que vai encontrar f\u00e9 sobre a terra?<\/td>\n<td>Percebo que se eu perder a f\u00e9 perco tudo, incluindo a vida eterna?<\/td>\n<\/tr>\n<tr>\n<td style=\"white-space:nowrap;\">Mc 9,23<\/td>\n<td>Se tu podes&#8230;? Tudo \u00e9 poss\u00edvel para quem cr\u00ea.<\/td>\n<td>Creio de verdade que tudo \u00e9 poss\u00edvel para quem cr\u00ea, ou a minha f\u00e9 \u00e9 limitada por aquilo que considero razoavelmente vi\u00e1vel?<\/td>\n<\/tr>\n<tr>\n<td style=\"white-space:nowrap;\">Mc 8,12<\/td>\n<td>Por que esta gera\u00e7\u00e3o pede um sinal? Em verdade lhes digo: nenhum sinal ser\u00e1 dado a esta gera\u00e7\u00e3o!<\/td>\n<td>Busco \u201csinais\u201d ou prod\u00edgios extraordin\u00e1rios, ou aceito crer com f\u00e9 pura na Palavra de Deus?<\/td>\n<\/tr>\n<tr>\n<td colspan=\"3\"><strong>\u00a0<\/strong><\/p>\n<p><strong>2. ORA\u00c7\u00c3O E CULTO<\/strong><\/td>\n<\/tr>\n<tr>\n<td style=\"white-space:nowrap;\">Mt 6,5<\/td>\n<td>Quando orardes, n\u00e3o sejais como os hip\u00f3critas, que gostam de orar nas sinagogas e nas esquinas das pra\u00e7as, em posi\u00e7\u00e3o de serem vistos pelos outros. Em verdade vos digo: j\u00e1 receberam a sua recompensa.<\/td>\n<td>Minha ora\u00e7\u00e3o \u00e9 um di\u00e1logo aut\u00eantico com Deus, ou \u00e9 em parte uma exibi\u00e7\u00e3o para os outros? Estou mais atento em levantar a voz para me fazer ouvir, ou em falar com Deus?<\/td>\n<\/tr>\n<tr>\n<td style=\"white-space:nowrap;\">Mt 6,7<\/td>\n<td>Quando orardes, n\u00e3o useis muitas palavras, como fazem os pag\u00e3os. Eles pensam que ser\u00e3o ouvidos por for\u00e7a das muitas palavras.<\/td>\n<td>Rezo com o cora\u00e7\u00e3o presente, ou repito f\u00f3rmulas vazias pensando que a quantidade supre a qualidade?<\/td>\n<\/tr>\n<tr>\n<td style=\"white-space:nowrap;\">Mt 7,7-8<\/td>\n<td>Pedi e vos ser\u00e1 dado! Procurai e encontrareis! Batei e a porta vos ser\u00e1 aberta! Pois todo aquele que pede recebe, quem procura encontra, e a quem bate a porta ser\u00e1 aberta.<\/td>\n<td>Tenho confian\u00e7a de que Deus atende a minha ora\u00e7\u00e3o, ou rezo com resigna\u00e7\u00e3o e sem esperan\u00e7a? Limito-me a reclamar sem pedir?<\/td>\n<\/tr>\n<tr>\n<td style=\"white-space:nowrap;\">Mt 21,22<\/td>\n<td>Tudo o que, na ora\u00e7\u00e3o, pedirdes com f\u00e9, v\u00f3s o recebereis.<\/td>\n<td>Rezo com verdadeira f\u00e9, crendo que Deus ouve, ou a minha ora\u00e7\u00e3o \u00e9 fraca e sem esperan\u00e7a?<\/td>\n<\/tr>\n<tr>\n<td style=\"white-space:nowrap;\">Mc 10,35<\/td>\n<td>Mestre, queremos que fa\u00e7as por n\u00f3s o que te vamos pedir.<\/td>\n<td>Como s\u00e3o as minhas ora\u00e7\u00f5es: exig\u00eancias ou humildes s\u00faplicas?<\/td>\n<\/tr>\n<tr>\n<td style=\"white-space:nowrap;\">Lc 2,37<\/td>\n<td>N\u00e3o sa\u00eda do templo; dia e noite servia a Deus com jejuns e ora\u00e7\u00f5es.<\/td>\n<td>Dedico tempo \u00e0 ora\u00e7\u00e3o e ao jejum com fidelidade di\u00e1ria, ou sou um crist\u00e3o apenas de domingo?<\/td>\n<\/tr>\n<tr>\n<td style=\"white-space:nowrap;\">Lc 21,38<\/td>\n<td>E de madrugada, o povo todo j\u00e1 se dirigia ao templo para ouvi-lo.<\/td>\n<td>Dedico os primeiros momentos do dia para rezar e ouvir a Deus?<\/td>\n<\/tr>\n<tr>\n<td style=\"white-space:nowrap;\">Jo 2,16<\/td>\n<td>Tirai daqui essas coisas. N\u00e3o fa\u00e7ais da casa de meu Pai um mercado!<\/td>\n<td>N\u00e3o transformei a minha ora\u00e7\u00e3o num mercado de interesses, c\u00e1lculos e negocia\u00e7\u00f5es com Deus?<\/td>\n<\/tr>\n<tr>\n<td style=\"white-space:nowrap;\">Jo 4,23<\/td>\n<td>Os verdadeiros adoradores adorar\u00e3o o Pai em esp\u00edrito e verdade. Estes s\u00e3o os adoradores que o Pai procura.<\/td>\n<td>Adoro o Pai em esp\u00edrito e verdade \u2013 interiormente, sinceramente \u2013 ou me limito a pr\u00e1ticas externas?<\/td>\n<\/tr>\n<tr>\n<td style=\"white-space:nowrap;\">Mt 15,8-9<\/td>\n<td>Este povo me honra com os l\u00e1bios, mas o seu cora\u00e7\u00e3o est\u00e1 longe de mim. \u00c9 in\u00fatil o culto que me prestam: as doutrinas que ensinam n\u00e3o passam de preceitos humanos.<\/td>\n<td>Meu cora\u00e7\u00e3o est\u00e1 perto de Deus quando rezo e participo do culto, ou est\u00e1 em outro lugar enquanto os l\u00e1bios recitam as f\u00f3rmulas?<\/td>\n<\/tr>\n<tr>\n<td style=\"white-space:nowrap;\">Mt 21,13<\/td>\n<td>Est\u00e1 escrito: \u2018Minha casa ser\u00e1 chamada casa de ora\u00e7\u00e3o\u2019. V\u00f3s, por\u00e9m, fizestes dela um antro de ladr\u00f5es.<\/td>\n<td>A igreja n\u00e3o se transformou para mim num lugar de encontro humano, de interesses humanos, em vez de um lugar de encontro com o Senhor?<\/td>\n<\/tr>\n<tr>\n<td style=\"white-space:nowrap;\">Mc 9,29<\/td>\n<td>Esta esp\u00e9cie de dem\u00f4nios s\u00f3 pode ser expulsa pela ora\u00e7\u00e3o.<\/td>\n<td>Enfrento as batalhas espirituais mais duras com a ora\u00e7\u00e3o e o jejum, ou confio apenas nos meus meios humanos?<\/td>\n<\/tr>\n<tr>\n<td colspan=\"3\"><strong>\u00a0<\/strong><\/p>\n<p><strong>3. PALAVRA DE DEUS E SACRAMENTOS<\/strong><\/td>\n<\/tr>\n<tr>\n<td style=\"white-space:nowrap;\">Mt 24,35<\/td>\n<td>Passar\u00e3o o c\u00e9u e a terra, mas minhas palavras n\u00e3o passar\u00e3o.<\/td>\n<td>Construo a minha vida sobre a Palavra de Deus que n\u00e3o passa, ou sobre o que est\u00e1 destinado a acabar?<\/td>\n<\/tr>\n<tr>\n<td style=\"white-space:nowrap;\">Mc 7,7<\/td>\n<td>\u00c9 in\u00fatil o culto que me prestam, as doutrinas que ensinam n\u00e3o passam de preceitos humanos.<\/td>\n<td>A minha vida se fundamenta na Palavra de Deus ou em opini\u00f5es e tradi\u00e7\u00f5es humanas?<\/td>\n<\/tr>\n<tr>\n<td style=\"white-space:nowrap;\">Mc 12,24-25<\/td>\n<td>Acaso n\u00e3o estais errados, porque n\u00e3o compreendeis as Escrituras, nem o poder de Deus? Quando ressuscitarem dos mortos, os homens e as mulheres n\u00e3o se casar\u00e3o; ser\u00e3o como anjos no c\u00e9u.<\/td>\n<td>Conhe\u00e7o de verdade as Escrituras e o poder de Deus, ou raciocino sobre Deus com categorias puramente humanas?<\/td>\n<\/tr>\n<tr>\n<td style=\"white-space:nowrap;\">Lc 4,4<\/td>\n<td>N\u00e3o se vive somente de p\u00e3o.<\/td>\n<td>Nutro a minha vida com a Palavra de Deus, ou vivo s\u00f3 de p\u00e3o \u2013 de coisas materiais \u2013 esquecendo o que sacia de verdade?<\/td>\n<\/tr>\n<tr>\n<td style=\"white-space:nowrap;\">Lc 8,21<\/td>\n<td>Minha m\u00e3e e meus irm\u00e3os s\u00e3o estes: os que ouvem a palavra de Deus e a p\u00f5em em pr\u00e1tica.<\/td>\n<td>Ou\u00e7o a Palavra de Deus e a coloco em pr\u00e1tica, ou me contento em conhec\u00ea-la apenas intelectualmente sem que mude a minha vida?<\/td>\n<\/tr>\n<tr>\n<td style=\"white-space:nowrap;\">Lc 16,17<\/td>\n<td>\u00c9 mais f\u00e1cil passar o c\u00e9u e a terra do que cair um s\u00f3 tracinho da Lei.<\/td>\n<td>Levo a s\u00e9rio cada palavra de Deus, ou escolho a meu gosto quais preceitos observar e quais ignorar?<\/td>\n<\/tr>\n<tr>\n<td style=\"white-space:nowrap;\">Lc 24,45<\/td>\n<td>Ent\u00e3o ele abriu a intelig\u00eancia dos disc\u00edpulos para entenderem as Escrituras.<\/td>\n<td>Pe\u00e7o a Deus para abrir a minha mente para compreender as Escrituras, ou me contento com uma leitura superficial? Percebo que sem a sua gra\u00e7a n\u00e3o posso entender a B\u00edblia?<\/td>\n<\/tr>\n<tr>\n<td style=\"white-space:nowrap;\">Lc 7,30<\/td>\n<td>Os fariseus e os doutores da Lei, recusaram ser batizados por Jo\u00e3o e desprezaram os planos de Deus a respeito deles.<\/td>\n<td>Percebo que os sete sacramentos n\u00e3o s\u00e3o in\u00fateis ou opcionais e que sem eles torno v\u00e3o o des\u00edgnio de Deus sobre mim?<\/td>\n<\/tr>\n<tr>\n<td style=\"white-space:nowrap;\">Jo 3,5<\/td>\n<td>Em verdade, em verdade, te digo: se algu\u00e9m n\u00e3o nascer da \u00e1gua e do Esp\u00edrito, n\u00e3o poder\u00e1 entrar no Reino de Deus.<\/td>\n<td>Estou convencido da necessidade do Batismo para poder entrar no C\u00e9u e falo tamb\u00e9m aos outros sobre isso, ou me mostro indiferente porque \u201cn\u00e3o \u00e9 politicamente correto tratar deste assunto\u201d?<\/td>\n<\/tr>\n<tr>\n<td style=\"white-space:nowrap;\">Jo 6,53-54<\/td>\n<td>Em verdade, em verdade, vos digo: se n\u00e3o comerdes a carne do Filho do Homem e n\u00e3o beberdes o seu sangue, n\u00e3o tereis a vida em v\u00f3s. Quem se alimenta com a minha carne e bebe o meu sangue tem a vida eterna, e eu o ressuscitarei no \u00faltimo dia.<\/td>\n<td>Participo da Eucaristia com a consci\u00eancia de comer a carne e beber o sangue do Filho do Homem, ou de modo autom\u00e1tico e distra\u00eddo?<\/td>\n<\/tr>\n<tr>\n<td colspan=\"3\"><strong>\u00a0<\/strong><\/p>\n<p><strong>4. HIPOCRISIA, APAR\u00caNCIA E AUTENTICIDADE<\/strong><\/td>\n<\/tr>\n<tr>\n<td style=\"white-space:nowrap;\">Mt 5,20<\/td>\n<td>Eu vos digo: Se vossa justi\u00e7a n\u00e3o for maior que a dos escribas e dos fariseus, n\u00e3o entrareis no Reino dos C\u00e9us.<\/td>\n<td>A minha vida de f\u00e9 vai al\u00e9m da observ\u00e2ncia exterior ou \u00e9 apenas um respeito exterior \u00e0s regras?<\/td>\n<\/tr>\n<tr>\n<td style=\"white-space:nowrap;\">Mt 6,1<\/td>\n<td>Cuidado! N\u00e3o pratiqueis vossa justi\u00e7a na frente dos outros, s\u00f3 para serdes notados. De outra forma, n\u00e3o recebereis recompensa do vosso Pai que est\u00e1 nos c\u00e9us.<\/td>\n<td>Fa\u00e7o as boas obras para agradar a Deus ou para ser admirado pelos outros?<\/td>\n<\/tr>\n<tr>\n<td style=\"white-space:nowrap;\">Mt 6,2<\/td>\n<td>Por isso, quando deres esmola, n\u00e3o mandes tocar a trombeta diante de ti, como fazem os hip\u00f3critas nas sinagogas e nas ruas, para serem elogiados pelos outros. Em verdade vos digo: j\u00e1 receberam sua recompensa.<\/td>\n<td>Quando fa\u00e7o o bem, certifico-me \u2013 mesmo que sutilmente \u2013 de que algu\u00e9m saiba e me seja grato?<\/td>\n<\/tr>\n<tr>\n<td style=\"white-space:nowrap;\">Mt 6,16<\/td>\n<td>Quando jejuardes, n\u00e3o fiqueis de rosto triste como os hip\u00f3critas. Eles desfiguram o rosto, para figurar aos outros que est\u00e3o jejuando. Em verdade vos digo: j\u00e1 receberam sua recompensa.<\/td>\n<td>As minhas pr\u00e1ticas de penit\u00eancia s\u00e3o vividas \u00e0s escondidas, ou procuro faz\u00ea-las notar?<\/td>\n<\/tr>\n<tr>\n<td style=\"white-space:nowrap;\">Mt 23,23<\/td>\n<td>Ai de v\u00f3s, escribas e fariseus hip\u00f3critas! Pagais o d\u00edzimo da hortel\u00e3, da erva-doce e do cominho, e deixais de lado os ensinamentos mais importantes da Lei, como o direito, a miseric\u00f3rdia e a fidelidade. Isto \u00e9 que dever\u00edeis praticar, sem contudo deixar aquilo.<\/td>\n<td>Cuido dos detalhes da vida religiosa, mas negligencio a justi\u00e7a, a miseric\u00f3rdia e a fidelidade?<\/td>\n<\/tr>\n<tr>\n<td style=\"white-space:nowrap;\">Mt 23,24<\/td>\n<td>Guias cegos! Filtrais o mosquito, mas engolis o camelo!<\/td>\n<td>Sou escrupuloso em quest\u00f5es m\u00ednimas, enquanto fecho os olhos para problemas grandes e urgentes que tocam a minha consci\u00eancia?<\/td>\n<\/tr>\n<tr>\n<td style=\"white-space:nowrap;\">Mt 23,25<\/td>\n<td>Ai de v\u00f3s, escribas e fariseus hip\u00f3critas! Limpais o copo e o prato por fora, mas por dentro estais cheios de roubo e cobi\u00e7a.<\/td>\n<td>Cuido da minha imagem p\u00fablica de pessoa de bem, enquanto por dentro estou cheio de desordem moral?<\/td>\n<\/tr>\n<tr>\n<td style=\"white-space:nowrap;\">Mt 23,28<\/td>\n<td>Por fora, pareceis justos diante dos outros, mas por dentro estais cheios de hipocrisia e injusti\u00e7a.<\/td>\n<td>Talvez eu pare\u00e7a justo aos olhos dos outros, mas o que Deus v\u00ea no fundo do meu cora\u00e7\u00e3o?<\/td>\n<\/tr>\n<tr>\n<td style=\"white-space:nowrap;\">Lc 12,1<\/td>\n<td>Cuidado com o fermento dos fariseus, que \u00e9 a hipocrisia.<\/td>\n<td>Estou atento para n\u00e3o me deixar arrastar pelos maus exemplos?<\/td>\n<\/tr>\n<tr>\n<td style=\"white-space:nowrap;\">Lc 16,15<\/td>\n<td>V\u00f3s gostais de parecer justos diante dos outros, mas Deus conhece vossos cora\u00e7\u00f5es. Com efeito, o que as pessoas exaltam \u00e9 detest\u00e1vel para Deus.<\/td>\n<td>Procuro parecer justo aos olhos dos homens, enquanto no cora\u00e7\u00e3o \u2013 que Deus conhece \u2013 habito na injusti\u00e7a e no orgulho?<\/td>\n<\/tr>\n<tr>\n<td style=\"white-space:nowrap;\">Jo 3,20-21<\/td>\n<td>Todo o que pratica o mal odeia a luz e n\u00e3o se aproxima da luz, para que suas a\u00e7\u00f5es n\u00e3o sejam denunciadas. Mas quem pratica a verdade se aproxima da luz, para que suas a\u00e7\u00f5es sejam manifestadas, j\u00e1 que s\u00e3o praticadas em Deus.<\/td>\n<td>Penso que Deus est\u00e1 contente com as minhas obras ocultas? Se as minhas obras ocultas viessem \u00e0 luz, eu me envergonharia?<\/td>\n<\/tr>\n<tr>\n<td colspan=\"3\"><strong>\u00a0<\/strong><\/p>\n<p><strong>5. PR\u00d3XIMO: CARIDADE, MISERIC\u00d3RDIA E PERD\u00c3O<\/strong><\/td>\n<\/tr>\n<tr>\n<td style=\"white-space:nowrap;\">Mt 5,22<\/td>\n<td>Ora, eu vos digo: todo aquele que tratar seu irm\u00e3o com raiva dever\u00e1 responder no tribunal; quem disser ao seu irm\u00e3o \u201cimbecil\u201d dever\u00e1 responder perante o sin\u00e9drio; quem chamar seu irm\u00e3os de \u201clouco\u201d poder\u00e1 ser condenado fogo do inferno.<\/td>\n<td>Lembro-me de que a ira \u00e9 um pecado capital? Uso palavras ofensivas que humilham e diminuem o pr\u00f3ximo?<\/td>\n<\/tr>\n<tr>\n<td style=\"white-space:nowrap;\">Mt 5,23-24<\/td>\n<td>Portanto, estiveres levando a tua oferta ao altar e ali te lembrares que o teu irm\u00e3o tem algo contra ti, deixa a tua oferenda diante do altar e vai primeiro reconciliar-te com teu irm\u00e3o. S\u00f3 ent\u00e3o, vai apresentar a tua oferenda.<\/td>\n<td>H\u00e1 algu\u00e9m com quem tenho problemas a resolver e que ainda espera a minha reconcilia\u00e7\u00e3o, enquanto continuo a me apresentar diante de Deus como se nada fosse?<\/td>\n<\/tr>\n<tr>\n<td style=\"white-space:nowrap;\">Mt 5,42<\/td>\n<td>D\u00e1 a quem te pedir, e n\u00e3o vires as costas a quem te pede emprestado.<\/td>\n<td>Quando algu\u00e9m me pede ajuda, encontro logo uma desculpa para virar para o outro lado?<\/td>\n<\/tr>\n<tr>\n<td style=\"white-space:nowrap;\">Mt 5,43-44<\/td>\n<td>Ouvistes que foi dito: \u2018Amar\u00e1s o teu pr\u00f3ximo e odiar\u00e1s o teu inimigo!\u2019 Ora, eu vos digo: Amai os vossos inimigos e orai por aqueles que vos perseguem.<\/td>\n<td>Rezo por quem me fez mal, ou nutro em segredo o desejo de que as coisas deem errado para quem me feriu?<\/td>\n<\/tr>\n<tr>\n<td style=\"white-space:nowrap;\">Mt 5,46<\/td>\n<td>Se amais somente aqueles que os amam, que recompensa tereis? Os publicanos n\u00e3o fazem a mesma coisa?<\/td>\n<td>O meu amor vai al\u00e9m do c\u00edrculo de quem me \u00e9 simp\u00e1tico e me retribui? Sou am\u00e1vel apenas com quem me conv\u00e9m?<\/td>\n<\/tr>\n<tr>\n<td style=\"white-space:nowrap;\">Mt 6,14-15<\/td>\n<td>De fato, se v\u00f3s perdoardes aos outros as suas faltas, vosso Pai que est\u00e1 nos c\u00e9us tamb\u00e9m vos perdoar\u00e1. Mas se v\u00f3s n\u00e3o perdoardes aos outros, vosso Pai tamb\u00e9m n\u00e3o perdoar\u00e1 as vossas faltas.<\/td>\n<td>H\u00e1 algu\u00e9m que ainda n\u00e3o perdoei de cora\u00e7\u00e3o, sabendo que isso tamb\u00e9m fecha a porta para o perd\u00e3o de Deus para mim?<\/td>\n<\/tr>\n<tr>\n<td style=\"white-space:nowrap;\">Mt 9,13<\/td>\n<td>Miseric\u00f3rdia eu quero, n\u00e3o sacrif\u00edcios.<\/td>\n<td>Busco a miseric\u00f3rdia de Deus e a exer\u00e7o para com os outros, ou me perco em formalismos religiosos vazios de cora\u00e7\u00e3o?<\/td>\n<\/tr>\n<tr>\n<td style=\"white-space:nowrap;\">Mt 18,21-22<\/td>\n<td>Pedro dirigiu-se a Jesus perguntando: \u201cSenhor, quantas vezes devo perdoar, se meu irm\u00e3o pecar contra mim? At\u00e9 sete vezes?\u201d. Jesus respondeu: \u201cDigo-te, n\u00e3o at\u00e9 sete vezes, mas at\u00e9 setenta vezes sete vezes\u201d.<\/td>\n<td>Estou disposto a perdoar sempre quem me pede perd\u00e3o, sem limites, imitando a Deus, como um filho seu?<\/td>\n<\/tr>\n<tr>\n<td style=\"white-space:nowrap;\">Lc 6,36<\/td>\n<td>Sede misericordiosos como vosso Pai \u00e9 misericordioso.<\/td>\n<td>Sou misericordioso como o Pai \u00e9 misericordioso, ou a minha miseric\u00f3rdia \u00e9 seletiva e condicionada pelo m\u00e9rito alheio?<\/td>\n<\/tr>\n<tr>\n<td style=\"white-space:nowrap;\">Lc 6,37<\/td>\n<td>N\u00e3o julgueis e n\u00e3o sereis julgados; n\u00e3o condeneis e n\u00e3o sereis condenados; perdoai e sereis perdoados.<\/td>\n<td>Julgo e condeno facilmente os outros, esque\u00e7o que serei julgado com a mesma medida com que julgo?<\/td>\n<\/tr>\n<tr>\n<td style=\"white-space:nowrap;\">Lc 10,33-34<\/td>\n<td>Mas um samaritano, que estava viajando, chegou perto dele, viu, e moveu-se de compaix\u00e3o. Aproximou-se dele e tratou-lhe as feridas, derramando nelas \u00f3leo e vinho. Depois colocou-o em seu pr\u00f3prio animal e o levou a uma pens\u00e3o onde cuidou dele.<\/td>\n<td>Paro diante de quem est\u00e1 passando necessidade, mesmo quando \u00e9 inc\u00f4modo, ou penso que me faz perder tempo?<\/td>\n<\/tr>\n<tr>\n<td style=\"white-space:nowrap;\">Lc 17,3-4<\/td>\n<td>Cuidado! Se teu irm\u00e3o pecar, repreende-o. Se ele se arrepender, perdoa-lhe. Se pecar contra ti sete vezes num s\u00f3 dia, e sete vezes vier a ti, dizendo: \u201cEstou arrependido\u201d, perdoa-lhe.<\/td>\n<td>Sei corrigir fraternalmente quem erra e perdoar quando se arrepende?<\/td>\n<\/tr>\n<tr>\n<td style=\"white-space:nowrap;\">Lc 23,34<\/td>\n<td>Pai, perdoa-lhes! Eles n\u00e3o sabem o que fazem.<\/td>\n<td>Pe\u00e7o a Deus para perdoar quem me fez mal, talvez sem ter consci\u00eancia do que fazia?<\/td>\n<\/tr>\n<tr>\n<td colspan=\"3\"><strong>\u00a0<\/strong><\/p>\n<p><strong>6. HUMILDADE E SOBERBA<\/strong><\/td>\n<\/tr>\n<tr>\n<td style=\"white-space:nowrap;\">Mt 18,3<\/td>\n<td>Em verdade vos digo, se n\u00e3o vos converterdes e n\u00e3o vos tornardes como crian\u00e7as, n\u00e3o entrareis no Reino dos C\u00e9us.<\/td>\n<td>Tenho a simplicidade e o abandono confiante de uma crian\u00e7a diante de Deus, ou estou endurecido pela autossufici\u00eancia?<\/td>\n<\/tr>\n<tr>\n<td style=\"white-space:nowrap;\">Mt 23,12<\/td>\n<td>Quem se exaltar, ser\u00e1 humilhado, e quem se humilhar ser\u00e1 exaltado.<\/td>\n<td>Exalto-me a mim mesmo, ou espero que o Senhor o fa\u00e7a se, como ou quando for necess\u00e1rio?<\/td>\n<\/tr>\n<tr>\n<td style=\"white-space:nowrap;\">Lc 6,39<\/td>\n<td>Pode um cego guiar outro cego? N\u00e3o cair\u00e3o os dois no buraco?<\/td>\n<td>Pretendo guiar outros na f\u00e9 mesmo, sendo eu mesmo cego sobre aspectos fundamentais da minha vida?<\/td>\n<\/tr>\n<tr>\n<td style=\"white-space:nowrap;\">Lc 11,46<\/td>\n<td>Ai tamb\u00e9m de v\u00f3s, doutores da Lei, porque carregais as pessoas com fardos insuport\u00e1veis, e v\u00f3s mesmos, nem com um dedo, n\u00e3o tocais nesses fardos!<\/td>\n<td>Imponho aos outros fardos \u2013 expectativas, regras, julgamentos \u2013 que eu mesmo n\u00e3o estou disposto a carregar?<\/td>\n<\/tr>\n<tr>\n<td style=\"white-space:nowrap;\">Lc 17,10<\/td>\n<td>Quando tiverdes feito tudo o que vos mandaram, dizei: \u201cSomos simples servos; fizemos o que dev\u00edamos fazer\u201d.<\/td>\n<td>Cumpro o meu dever sem esperar m\u00e9ritos ou reconhecimentos especiais?<\/td>\n<\/tr>\n<tr>\n<td style=\"white-space:nowrap;\">Lc 18,11-12<\/td>\n<td>Deus, eu te agrade\u00e7o porque n\u00e3o sou como os outros, ladr\u00f5es, desonestos, ad\u00falteros, nem como este publicano. Jejuo duas vezes por semana e pago o d\u00edzimo de toda a minha renda.<\/td>\n<td>Evito me comparar com os outros para me sentir superior, reconhecendo que eu tamb\u00e9m tenho os meus pecados? Fiz minha esta regra: \u201cn\u00e3o o melhor de todos a qualquer custo, mas sim melhor que ontem a qualquer sacrif\u00edcio\u201d?<\/td>\n<\/tr>\n<tr>\n<td style=\"white-space:nowrap;\">Lc 18,14<\/td>\n<td>Quem se exalta ser\u00e1 humilhado, e quem se humilha ser\u00e1 exaltado.<\/td>\n<td>Na minha vida espiritual h\u00e1 mais autopromo\u00e7\u00e3o e protagonismo ou mais humildade sincera diante de Deus e dos homens?<\/td>\n<\/tr>\n<tr>\n<td style=\"white-space:nowrap;\">Jo 3,27<\/td>\n<td>Ningu\u00e9m pode receber coisa alguma, se n\u00e3o lhe for dada do c\u00e9u.<\/td>\n<td>Reconhe\u00e7o que todo dom de natureza e de gra\u00e7a vem do alto? Creio nas palavras de S\u00e3o Paulo: \u201cO que possuis que n\u00e3o tenhas recebido? E se o recebeste, por que te glorias como se n\u00e3o o tivesses recebido?\u201d<\/td>\n<\/tr>\n<tr>\n<td style=\"white-space:nowrap;\">Jo 13,8<\/td>\n<td>Mas Jesus respondeu: \u201cSe eu n\u00e3o te lavar, n\u00e3o ter\u00e1s parte comigo\u201d.<\/td>\n<td>Deixo-me lavar os p\u00e9s por Cristo \u2013 deixo-me purificar, corrigir, humilhar \u2013 ou recuso por orgulho o seu servi\u00e7o?<\/td>\n<\/tr>\n<tr>\n<td colspan=\"3\"><strong>\u00a0<\/strong><\/p>\n<p><strong>7. RIQUEZA, DESAPEGO DOS BENS E GENEROSIDADE<\/strong><\/td>\n<\/tr>\n<tr>\n<td style=\"white-space:nowrap;\">Mt 6,19-20<\/td>\n<td>N\u00e3o ajunteis tesouros aqui na terra, onde a tra\u00e7a e a ferrugem destroem e os ladr\u00f5es assaltam e roubam. Ao contr\u00e1rio, ajuntai para v\u00f3s tesouros no c\u00e9u, onde a tra\u00e7a e a ferrugem n\u00e3o destroem, bem os ladr\u00f5es assaltam e roubam.<\/td>\n<td>Para onde vai realmente a minha energia, o meu tempo, a minha criatividade: para o que passa ou para o que permanece eternamente?<\/td>\n<\/tr>\n<tr>\n<td style=\"white-space:nowrap;\">Mt 6,21<\/td>\n<td>Pois onde estiver o teu tesouro, a\u00ed estar\u00e1 tamb\u00e9m o teu cora\u00e7\u00e3o.<\/td>\n<td>Qual \u00e9 o meu verdadeiro tesouro? O que me custaria mais perder: os bens materiais ou a gra\u00e7a de Deus?<\/td>\n<\/tr>\n<tr>\n<td style=\"white-space:nowrap;\">Mt 6,24<\/td>\n<td>Ningu\u00e9m pode servir a dois senhores: ou vai odiar o primeiro e amar o outro, ou aderir ao primeiro e desprezar o outro. N\u00e3o podeis servir a Deus e ao Dinheiro.<\/td>\n<td>Estou tentando servir a Deus e \u00e0 riqueza ao mesmo tempo, iludindo-me de que seja poss\u00edvel?<\/td>\n<\/tr>\n<tr>\n<td style=\"white-space:nowrap;\">Mt 10,8<\/td>\n<td>De gra\u00e7a recebestes, de gra\u00e7a deveis dar.<\/td>\n<td>Compartilho gratuitamente o que recebi \u2013 tempo, talentos, f\u00e9 \u2013 ou guardo para mim como se fosse m\u00e9rito meu?<\/td>\n<\/tr>\n<tr>\n<td style=\"white-space:nowrap;\">Mt 19,23-24<\/td>\n<td>Em verdade vos digo, dificilmente um rico entrar\u00e1 no Reino dos C\u00e9us. E digo ainda: \u00e9 mais f\u00e1cil um camelo passar pelo buraco de uma agulha, do que um rico entrar no Reino de Deus.<\/td>\n<td>Tenho consci\u00eancia de que o apego aos bens terrenos \u00e9 um impedimento aos celestes?<\/td>\n<\/tr>\n<tr>\n<td style=\"white-space:nowrap;\">Lc 6,24-25<\/td>\n<td>Mas ai de v\u00f3s, ricos, porque j\u00e1 tendes vossa consola\u00e7\u00e3o. Ai de v\u00f3s, que agora estais fartos, porque passareis fome. Ai de v\u00f3s, que agora estais rindo, porque ficareis de luto e chorareis.<\/td>\n<td>N\u00e3o busco no bem-estar material a minha consola\u00e7\u00e3o \u00faltima, sabendo que ela vem apenas de Deus?<\/td>\n<\/tr>\n<tr>\n<td style=\"white-space:nowrap;\">Lc 12,15<\/td>\n<td>Aten\u00e7\u00e3o! Guardai-vos de todo tipo de gan\u00e2ncia, pois mesmo que se tenha muitas coisas, a vida n\u00e3o consiste na abund\u00e2ncia de bens.<\/td>\n<td>Creio de verdade que a minha vida depende de Deus e n\u00e3o do que possuo?<\/td>\n<\/tr>\n<tr>\n<td style=\"white-space:nowrap;\">Lc 12,33<\/td>\n<td>Vendei vossos bens e dai esmola. Fazei para v\u00f3s bolsas que n\u00e3o se estraguem, um tesouro no c\u00e9u que n\u00e3o se acabe; ali o ladr\u00e3o n\u00e3o chega nem a tra\u00e7a corr\u00f3i.<\/td>\n<td>Estou construindo tesouros no c\u00e9u com atos concretos de generosidade e desapego, ou acumulo tesouros na terra?<\/td>\n<\/tr>\n<tr>\n<td style=\"white-space:nowrap;\">Lc 14,33<\/td>\n<td>Qualquer um de v\u00f3s, se n\u00e3o renunciar a tudo o que tem, n\u00e3o pode ser meu disc\u00edpulo!<\/td>\n<td>Estou disposto ao desapego total do que possuo, para ser verdadeiro disc\u00edpulo de Jesus?<\/td>\n<\/tr>\n<tr>\n<td style=\"white-space:nowrap;\">Lc 16,10<\/td>\n<td>Quem \u00e9 fiel nas pequenas coisas ser\u00e1 fiel tamb\u00e9m nas grandes, e quem \u00e9 injusto nas pequenas, ser\u00e1 injusto tamb\u00e9m nas grandes.<\/td>\n<td>Sou fiel nas pequenas coisas cotidianas, sabendo que ali se revela a minha verdadeira fidelidade tamb\u00e9m nas grandes?<\/td>\n<\/tr>\n<tr>\n<td style=\"white-space:nowrap;\">Lc 19,20-21<\/td>\n<td>Senhor, aqui est\u00e1 a quantia que me deste: eu a guardei num len\u00e7o, pois eu tinha medo de ti, porque \u00e9s um homem severo. Recebes o que n\u00e3o deste e colhes o que n\u00e3o semeaste.<\/td>\n<td>Escondi os talentos recebidos por medo, por pregui\u00e7a, por c\u00e1lculo, n\u00e3o os fazendo render para o reino de Deus?<\/td>\n<\/tr>\n<tr>\n<td colspan=\"3\"><strong>\u00a0<\/strong><\/p>\n<p><strong>8. SEGUIMENTO DE CRISTO E VOCA\u00c7\u00c3O CRIST\u00c3<\/strong><\/td>\n<\/tr>\n<tr>\n<td style=\"white-space:nowrap;\">Mt 7,13-14<\/td>\n<td>Entrai pela porta estreita! Pois larga \u00e9 a porta e espa\u00e7oso o caminho que leva \u00e0 perdi\u00e7\u00e3o, e s\u00e3 muitos os que entram! Como \u00e9 estreita a porta e apertado o caminho que leva \u00e0 vida, e poucos s\u00e3o os que o encontram!<\/td>\n<td>Estou percorrendo o caminho largo da comodidade e do conformismo, ou aceito a estreiteza do caminho na contram\u00e3o que conduz \u00e0 vida?<\/td>\n<\/tr>\n<tr>\n<td style=\"white-space:nowrap;\">Mt 10,39<\/td>\n<td>Quem Buscar a sua vida a perder\u00e1, e quem perder sua vida por causa de mim a encontrar\u00e1.<\/td>\n<td>Apego-me \u00e0 minha vida, aos meus planos, ou estou disposto a perder tudo o que n\u00e3o serve para encontrar o que vale de verdade?<\/td>\n<\/tr>\n<tr>\n<td style=\"white-space:nowrap;\">Mt 12,50<\/td>\n<td>Pois todo aquele que faz a vontade do meu Pai, que est\u00e1 nos c\u00e9us, esse \u00e9 meu irm\u00e3o, minha irm\u00e3 e minha m\u00e3e.<\/td>\n<td>Fa\u00e7o de verdade a vontade do Pai, ou me limito a pertencer-lhe nominalmente enquanto sigo a minha?<\/td>\n<\/tr>\n<tr>\n<td style=\"white-space:nowrap;\">Mt 16,24-25<\/td>\n<td>Se algu\u00e9m quer vir ap\u00f3s mim, renuncie a si mesmo, tome sua cruz e siga-me. Pois quem quiser salvar sua vida a perder\u00e1; e quem perder sua vida por causa de mim a encontrar\u00e1.<\/td>\n<td>Renuncio a mim mesmo e tomo a minha cruz a cada dia, ou busco um Evangelho c\u00f4modo que n\u00e3o custe nada?<\/td>\n<\/tr>\n<tr>\n<td style=\"white-space:nowrap;\">Lc 1,38<\/td>\n<td>Eis aqui a serva do Senhor! Fa\u00e7a-se em mim segundo a tua palavra.<\/td>\n<td>Digo de verdade \u201cfa\u00e7a-se em mim segundo a tua palavra\u201d, ou a minha obedi\u00eancia a Deus \u00e9 sempre condicionada e negociada?<\/td>\n<\/tr>\n<tr>\n<td style=\"white-space:nowrap;\">Lc 14,26<\/td>\n<td>Se algu\u00e9m vem a mim, mas n\u00e3o me prefere a seu pai e sua m\u00e3e, sua mulher e seus filhos, seus irm\u00e3os e suas irm\u00e3s, e at\u00e9 mesmo \u00e0 sua pr\u00f3pria vida, n\u00e3o pode ser meu disc\u00edpulo.<\/td>\n<td>Amo a Cristo mais do que a qualquer outra pessoa e a mim mesmo, ou ele ocupa apenas um lugar entre tantos na minha escala de valores?<\/td>\n<\/tr>\n<tr>\n<td style=\"white-space:nowrap;\">Lc 14,27<\/td>\n<td>Quem n\u00e3o carrega sua cruz e n\u00e3o caminha ap\u00f3s mim, n\u00e3o pode ser meu disc\u00edpulo.<\/td>\n<td>Carrego a minha cruz a cada dia, seguindo a Cristo, ou me rebelo contra o sofrimento e procuro descarreg\u00e1-lo nos outros?<\/td>\n<\/tr>\n<tr>\n<td style=\"white-space:nowrap;\">Lc 17,33<\/td>\n<td>Quem procurar salvar a vida, vai perd\u00ea-la; e quem a perder, vai salv\u00e1-la.<\/td>\n<td>Apego-me a mim mesmo, aos meus interesses, \u00e0 minha seguran\u00e7a, ou os ofere\u00e7o a Deus para fazer a sua vontade?<\/td>\n<\/tr>\n<tr>\n<td style=\"white-space:nowrap;\">Jo 2,5<\/td>\n<td>Fazei tudo o que ele vos disser.<\/td>\n<td>Fa\u00e7o o que Cristo me diz ou obede\u00e7o apenas quando me conv\u00e9m ou o entendo?<\/td>\n<\/tr>\n<tr>\n<td style=\"white-space:nowrap;\">Jo 12,26<\/td>\n<td>Se algu\u00e9m quer me servir, siga-me, e onde eu estiver, estar\u00e1 tamb\u00e9m aquele que me serve. Se algu\u00e9m me serve, meu Pai o honrar\u00e1.<\/td>\n<td>Se quero servir a Cristo, sigo-o de verdade \u2013 aonde ele vai \u2013 ou procuro servi-lo ficando onde eu quero?<\/td>\n<\/tr>\n<tr>\n<td style=\"white-space:nowrap;\">Jo 14,21<\/td>\n<td>Quem acolhe e observa os meus mandamentos, esse me ama.<\/td>\n<td>Quem me ama guarda os meus mandamentos: o quanto o meu amor por Cristo se mede na minha obedi\u00eancia concreta?<\/td>\n<\/tr>\n<tr>\n<td colspan=\"3\"><strong>\u00a0<\/strong><\/p>\n<p><strong>9. PUREZA DE CORA\u00c7\u00c3O E CASTIDADE<\/strong><\/td>\n<\/tr>\n<tr>\n<td style=\"white-space:nowrap;\">Mt 5,28<\/td>\n<td>Ora, eu vos digo: Todo aquele que olhar para uma mulher com o desejo de possu\u00ed-la, j\u00e1 cometeu adult\u00e9rio com ela em seu cora\u00e7\u00e3o.<\/td>\n<td>Dou livre curso ao olhar e \u00e0 fantasia, ou guardo o cora\u00e7\u00e3o sabendo que o pecado pode consumar-se j\u00e1 antes do ato?<\/td>\n<\/tr>\n<tr>\n<td style=\"white-space:nowrap;\">Mt 5,29<\/td>\n<td>Se teu olho direito te leva \u00e0 queda, arranca-o e joga para longe de ti! De fato, \u00e9 melhor perderes um de teus membros do que todo o corpo ser lan\u00e7ado ao inferno.<\/td>\n<td>Estou disposto a cortar com o que me leva ao mal, mesmo que seja algo a que dou muito valor? Renuncio \u00e0s amizades que me levam ao pecado?<\/td>\n<\/tr>\n<tr>\n<td style=\"white-space:nowrap;\">Mt 18,8<\/td>\n<td>Se a tua m\u00e3o ou o teu p\u00e9 te leva \u00e0 queda, corta e joga fora. \u00c9 melhor entrares na vida tendo s\u00f3 uma das m\u00e3os ou dos p\u00e9s, do que, com duas m\u00e3os ou dois p\u00e9s, seres lan\u00e7ado ao fogo eterno.<\/td>\n<td>Estou decidido a cortar o que me conduz ao pecado, mesmo quando parece que traz algo de bom?<\/td>\n<\/tr>\n<tr>\n<td style=\"white-space:nowrap;\">Mt 19,6<\/td>\n<td>Portanto, o que Deus uniu, o homem n\u00e3o separe.<\/td>\n<td>Respeito os la\u00e7os sagrados que o pr\u00f3prio Deus estabeleceu ou os trato como conveni\u00eancias humanas modific\u00e1veis? Sei que o matrim\u00f4nio \u00e9 indissol\u00favel?<\/td>\n<\/tr>\n<tr>\n<td style=\"white-space:nowrap;\">Mc 7,14-15<\/td>\n<td>Escutai-me v\u00f3s todos, e compreendei! Nada que, de fora entra na pessoa, pode torn\u00e1-la impura. O que sai da pessoa \u00e9 que a torna impura.<\/td>\n<td>Estou mais preocupado com o que entra em mim de fora do que com o que sai do meu cora\u00e7\u00e3o \u2013 palavras, pensamentos, inten\u00e7\u00f5es?<\/td>\n<\/tr>\n<tr>\n<td style=\"white-space:nowrap;\">Mc 10,11-12<\/td>\n<td>Quem despede sua mulher e se casa com outra, comete adult\u00e9rio contra a primeira. E se uma mulher despede seu marido e se casa com outro, comete adult\u00e9rio tamb\u00e9m.<\/td>\n<td>Creio de verdade que o sacramento do matrim\u00f4nio \u00e9 indissol\u00favel, ou o relativizo porque tantos fazem o mesmo e vivem em \u201cparceria\u201d?<\/td>\n<\/tr>\n<tr>\n<td style=\"white-space:nowrap;\">Jo 8,34<\/td>\n<td>Em verdade, em verdade, vos digo: todo aquele que comete o pecado \u00e9 escravo do pecado.<\/td>\n<td>De quais pecados habituais sou escravo \u2013 mesmo acreditando ser livre \u2013 que Cristo quer quebrar?<\/td>\n<\/tr>\n<tr>\n<td colspan=\"3\"><strong>\u00a0<\/strong><\/p>\n<p><strong>10. LINGUAGEM, VERDADE E JUSTI\u00c7A<\/strong><\/td>\n<\/tr>\n<tr>\n<td style=\"white-space:nowrap;\">Mt 5,37<\/td>\n<td>Seja o vosso sim, sim, e o vosso n\u00e3o, n\u00e3o. O que passa disso vem do Maligno.<\/td>\n<td>Sou sincero no falar, ou a minha palavra vale pouco porque sou amb\u00edguo e duplo?<\/td>\n<\/tr>\n<tr>\n<td style=\"white-space:nowrap;\">Mt 7,3<\/td>\n<td>Por que observas o cisco no olho do teu irm\u00e3o e n\u00e3o reparas na trave que est\u00e1 no teu pr\u00f3prio olho?<\/td>\n<td>Sou mais severo com os defeitos dos outros do que com os meus, ignorando talvez que sejam maiores do que os dos outros?<\/td>\n<\/tr>\n<tr>\n<td style=\"white-space:nowrap;\">Mt 12,31-32<\/td>\n<td>Eu vos digo: todo pecado e toda blasf\u00eamia ser\u00e3o perdoados; mas a blasf\u00eamia contra o Esp\u00edrito n\u00e3o ser\u00e1 perdoada. Mesmo se algu\u00e9m falar uma palavra contra o Filho do Homem, lhe ser\u00e1 perdoada. Mas se falar contra o Esp\u00edrito Santo, n\u00e3o ser\u00e1 perdoado, nem neste mundo nem no mundo que h\u00e1 de vir.<\/td>\n<td>J\u00e1 falei ou agi contra a verdade conhecida, como para caluniar ou por outros motivos? Sei que ao fazer isso me oponho abertamente ao Esp\u00edrito Santo, que \u00e9 Esp\u00edrito de verdade, e que com isso me confirmo na mentira sem possibilidade de sair?<\/td>\n<\/tr>\n<tr>\n<td style=\"white-space:nowrap;\">Mt 12,36<\/td>\n<td>Eu vos digo: de toda palavra v\u00e3 que se proferir, h\u00e1 de se prestar conta, no dia do ju\u00edzo. Por causa das tuas palavras ser\u00e1s considerado justo; e por causa das tuas palavras ser\u00e1s condenado.<\/td>\n<td>Percebo que terei de prestar contas a Deus de todas as minhas palavras in\u00fateis, ofensivas, falsas, cru\u00e9is, ou penso que elas n\u00e3o t\u00eam peso diante de Deus?<\/td>\n<\/tr>\n<tr>\n<td style=\"white-space:nowrap;\">Mt 26,52<\/td>\n<td>Guarda a espada na bainha! Pois todos os que usam a espada, pela espada morrer\u00e3o.<\/td>\n<td>Uso a viol\u00eancia \u2013 f\u00edsica, verbal, psicol\u00f3gica \u2013 como meio para defender a mim mesmo ou \u00e0quilo a que dou valor?<\/td>\n<\/tr>\n<tr>\n<td style=\"white-space:nowrap;\">Lc 8,17<\/td>\n<td>Ora, nada h\u00e1 de escondido que n\u00e3o venha a ser descoberto. Nada h\u00e1 de secreto que n\u00e3o venha a ser conhecido e se tornar p\u00fablico.<\/td>\n<td>Vivo a minha vida sabendo que tudo vir\u00e1 \u00e0 luz um dia, nesta vida ou na outra? Terei de me envergonhar de algo?<\/td>\n<\/tr>\n<tr>\n<td style=\"white-space:nowrap;\">Jo 7,24<\/td>\n<td>N\u00e3o julgueis pelas apar\u00eancias; julgai de acordo com a justi\u00e7a.<\/td>\n<td>Julgo as a\u00e7\u00f5es e as situa\u00e7\u00f5es com equidade e profundidade, al\u00e9m das apar\u00eancias?<\/td>\n<\/tr>\n<tr>\n<td colspan=\"3\"><strong>\u00a0<\/strong><\/p>\n<p><strong>11. TESTEMUNHO E MISS\u00c3O<\/strong><\/td>\n<\/tr>\n<tr>\n<td style=\"white-space:nowrap;\">Mt 5,14<\/td>\n<td>V\u00f3s sois a luz do mundo. Uma cidade constru\u00edda sobre a montanha n\u00e3o fica escondida.<\/td>\n<td>Deixo transparecer a minha f\u00e9 na vida cotidiana, ou a mantenho escondida por medo do julgamento alheio?<\/td>\n<\/tr>\n<tr>\n<td style=\"white-space:nowrap;\">Mt 7,19<\/td>\n<td>Toda \u00e1rvore que n\u00e3o d\u00e1 bons frutos \u00e9 cortada e lan\u00e7ada ao fogo.<\/td>\n<td>A minha vida d\u00e1 frutos bons reconhec\u00edveis, ou sou uma \u00e1rvore que consome recursos sem produzir nada?<\/td>\n<\/tr>\n<tr>\n<td style=\"white-space:nowrap;\">Mt 12,30<\/td>\n<td>Quem n\u00e3o est\u00e1 comigo \u00e9 contra mim; e quem n\u00e3o recolhe comigo, espalha.<\/td>\n<td>Estou de verdade com Cristo, ou com as minhas escolhas contribuo para dispersar o seu Reino?<\/td>\n<\/tr>\n<tr>\n<td style=\"white-space:nowrap;\">Mc 8,38<\/td>\n<td>Se algu\u00e9m se envergonhar de mim e de minhas palavras diante desta gera\u00e7\u00e3o ad\u00faltera e pecadora, tamb\u00e9m o Filho do Homem se envergonhar\u00e1 dele, quando vier na gl\u00f3ria do seu Pai, com seus santos anjos.<\/td>\n<td>Tenho vergonha de ser crist\u00e3o diante das pessoas e nos contextos em que a f\u00e9 \u00e9 ridicularizada ou ignorada?<\/td>\n<\/tr>\n<tr>\n<td style=\"white-space:nowrap;\">Lc 6,26<\/td>\n<td>Ai de v\u00f3s quando todos falarem bem de v\u00f3s, pois era assim que seus antepassados tratavam os falsos profetas.<\/td>\n<td>Busco o consenso de todos e me adapto para ser bem visto, ou estou disposto a ir na contram\u00e3o por fidelidade ao Evangelho?<\/td>\n<\/tr>\n<tr>\n<td style=\"white-space:nowrap;\">Lc 6,46<\/td>\n<td>Por que me chamais: \u201cSenhor, Senhor!\u201d, mas n\u00e3o fazeis o que vos digo?<\/td>\n<td>H\u00e1 uma dist\u00e2ncia entre o que digo crer e o que fa\u00e7o concretamente?<\/td>\n<\/tr>\n<tr>\n<td style=\"white-space:nowrap;\">Lc 14,34-35<\/td>\n<td>O sal \u00e9 bom. Mas se at\u00e9 o sal perder o sabor, com que se h\u00e1 de salgar? N\u00e3o serve nem para a terra, nem para o esterco, mas s\u00f3 para ser jogado fora.<\/td>\n<td>Ainda tenho o sabor do Evangelho na minha vida, ou ela se tornou ins\u00edpida?<\/td>\n<\/tr>\n<tr>\n<td style=\"white-space:nowrap;\">Jo 1,41-42<\/td>\n<td>\u201cEncontramos o Cristo!\u201d (que quer dizer Messias). Ent\u00e3o, conduziu-o at\u00e9 Jesus.<\/td>\n<td>Estou convencido de que a verdadeira f\u00e9 \u00e9 intrinsecamente mission\u00e1ria? Que ter encontrado Jesus de verdade me impulsiona a anunci\u00e1-lo aos outros?<\/td>\n<\/tr>\n<tr>\n<td style=\"white-space:nowrap;\">Jo 13,35<\/td>\n<td>Nisto conhecer\u00e3o todos que sois os meus disc\u00edpulos: se vos amardes uns aos outros.<\/td>\n<td>Pelo amor que tenho aos outros reconhece-se que sou seu disc\u00edpulo, ou sou crist\u00e3o apenas de boca?<\/td>\n<\/tr>\n<tr>\n<td style=\"white-space:nowrap;\">Jo 15,18<\/td>\n<td>Se o mundo vos odeia, sabei que primeiro odiou a mim.<\/td>\n<td>Diante da hostilidade do mundo, uno-me a Jesus que j\u00e1 a viveu antes de mim?<\/td>\n<\/tr>\n<tr>\n<td style=\"white-space:nowrap;\">Jo 19,15<\/td>\n<td>N\u00e3o temos outro rei sen\u00e3o C\u00e9sar.<\/td>\n<td>J\u00e1 reneguei a Cristo \u2013 impl\u00edcita ou explicitamente \u2013 proclamando rei a outro em seu lugar?<\/td>\n<\/tr>\n<tr>\n<td colspan=\"3\"><strong>\u00a0<\/strong><\/p>\n<p><strong>12. TENTA\u00c7\u00c3O, PECADO E CONVERS\u00c3O<\/strong><\/td>\n<\/tr>\n<tr>\n<td style=\"white-space:nowrap;\">Mt 5,19<\/td>\n<td>Portanto, quem desobedecer a um s\u00f3 destes mandamentos, por menor que seja, e assim ensinar os outros, ser\u00e1 considerado o menor no Reino dos C\u00e9us.<\/td>\n<td>Ignoro os pequenos preceitos pensando que n\u00e3o contam e ensino implicitamente aos outros a fazer o mesmo com o meu mau exemplo?<\/td>\n<\/tr>\n<tr>\n<td style=\"white-space:nowrap;\">Mt 5,38-40<\/td>\n<td>Ouvistes que foi dito: \u2018Olho por olho e dente por dente!\u2019 Ora, eu vos digo: n\u00e3o ofere\u00e7ais resist\u00eancia ao malvado! Pelo contr\u00e1rio, se algu\u00e9m te bater na face direita, oferece-lhe tamb\u00e9m a esquerda! Se algu\u00e9m quiser abrir um processo para tomar a tua t\u00fanica, d\u00e1-lhe tamb\u00e9m o manto!<\/td>\n<td>Diante da injusti\u00e7a sofrida, busco revanche ou vingan\u00e7a? Estou disposto at\u00e9 a renunciar a alguns dos meus direitos s\u00f3 para n\u00e3o brigar?<\/td>\n<\/tr>\n<tr>\n<td style=\"white-space:nowrap;\">Mt 7,15-17<\/td>\n<td>Cuidado com os falsos profetas: eles v\u00eam at\u00e9 v\u00f3s vestidos de ovelha, mas por dentro s\u00e3o lobos ferozes. Pelos seus frutos os conhecereis&#8230; Assim, toda \u00e1rvore boa produz frutos bons e toda \u00e1rvore m\u00e1 produz frutos maus.<\/td>\n<td>Sei discernir os falsos profetas que falam em nome de Deus, ou me deixo seduzir por quem diz coisas agrad\u00e1veis mas que afastam de Deus?<\/td>\n<\/tr>\n<tr>\n<td style=\"white-space:nowrap;\">Mt 16,6<\/td>\n<td>Aten\u00e7\u00e3o! Cuidado com o fermento dos fariseus e dos saduceus!<\/td>\n<td>Deixo-me fermentar por ideologias e mentalidades do mundo que contradizem o Evangelho, quase sem perceber?<\/td>\n<\/tr>\n<tr>\n<td style=\"white-space:nowrap;\">Mt 18,6<\/td>\n<td>Quem provocar a queda de um s\u00f3 destes pequenos que creem em mim, melhor seria que lhe amarrassem ao pesco\u00e7o uma pedra de moinho e o lan\u00e7assem no fundo do mar.<\/td>\n<td>Com as minhas palavras, o meu comportamento ou o meu mau exemplo, j\u00e1 induzi algu\u00e9m a cair ou a duvidar da f\u00e9?<\/td>\n<\/tr>\n<tr>\n<td style=\"white-space:nowrap;\">Mt 22,12-14<\/td>\n<td>Meu caro, como entraste aqui sem a o traje de festa? Mas o homem ficou sem responder. Ent\u00e3o o rei disse aos que serviam: \u201cAmarrai-lhe os p\u00e9s e as m\u00e3os desse homem e lan\u00e7ai-o fora, nas trevas! Ali haver\u00e1 choro e ranger de dentes\u201d.<\/td>\n<td>Preparo-me adequadamente para o encontro com Deus, cuidando da minha vida interior? Ou penso em entrar do mesmo jeito sem convers\u00e3o?<\/td>\n<\/tr>\n<tr>\n<td style=\"white-space:nowrap;\">Mt 26,41<\/td>\n<td>Vigiai e orai, para n\u00e3o cairdes em tenta\u00e7\u00e3o; pois o esp\u00edrito est\u00e1 pronto, mas a carne \u00e9 fraca.<\/td>\n<td>Vigio e rezo para n\u00e3o cair em tenta\u00e7\u00e3o, ou me coloco eu mesmo nas ocasi\u00f5es de pecado confiando nas minhas for\u00e7as?<\/td>\n<\/tr>\n<tr>\n<td style=\"white-space:nowrap;\">Lc 9,62<\/td>\n<td>Quem p\u00f5e a m\u00e3o no arado e olha para tr\u00e1s n\u00e3o est\u00e1 apto para o Reino de Deus.<\/td>\n<td>Cedo \u00e0s tenta\u00e7\u00f5es de h\u00e1bitos viciosos passados e ainda n\u00e3o mortificados, em vez de dizer com S\u00e3o Paulo: \u201cPor ele perdi todas estas coisas e as considero lixo, para ganhar a Cristo\u201d?<\/td>\n<\/tr>\n<tr>\n<td style=\"white-space:nowrap;\">Lc 17,1-2<\/td>\n<td>\u00c9 inevit\u00e1vel que ocorram esc\u00e2ndalos, mas ai daquele que os provoca! Seria melhor para ele ser atirado ao fundo do mar com uma pedra de moinho amarrada ao pesco\u00e7o, do que fazer cair um s\u00f3 desses pequenos.<\/td>\n<td>Tenho consci\u00eancia da minha responsabilidade de n\u00e3o ser motivo de esc\u00e2ndalo para os outros?<\/td>\n<\/tr>\n<tr>\n<td style=\"white-space:nowrap;\">Jo 5,14<\/td>\n<td>Olha, est\u00e1s curado! N\u00e3o peques mais, para que n\u00e3o te aconte\u00e7a coisa pior.<\/td>\n<td>Depois de ter recebido o perd\u00e3o e a cura de Deus, paro de verdade de pecar ou volto conscientemente aos mesmos pecados?<\/td>\n<\/tr>\n<tr>\n<td style=\"white-space:nowrap;\">Jo 8,11<\/td>\n<td>Eu tamb\u00e9m n\u00e3o te condeno; vai, e de agora em diante n\u00e3o peques mais.<\/td>\n<td>Percebo que se ningu\u00e9m condenasse um pecador, nem Deus o condenaria?<\/td>\n<\/tr>\n<tr>\n<td colspan=\"3\"><strong>\u00a0<\/strong><\/p>\n<p><strong>13. VIGIL\u00c2NCIA ESPIRITUAL, FIM DOS TEMPOS E ETERNIDADE<\/strong><\/td>\n<\/tr>\n<tr>\n<td style=\"white-space:nowrap;\">Mt 16,26<\/td>\n<td>Que adianta a algu\u00e9m ganhar o mundo inteiro, se perde a sua pr\u00f3pria vida?<\/td>\n<td>Estou t\u00e3o ocupado em melhorar as coisas deste mundo, esquecendo totalmente a salva\u00e7\u00e3o da minha alma?<\/td>\n<\/tr>\n<tr>\n<td style=\"white-space:nowrap;\">Mt 24,4-5<\/td>\n<td>Cuidado para que ningu\u00e9m vos engane! Pois muitos vir\u00e3o, usando o meu nome e dizendo: \u201cEu sou o Cristo!\u201d E enganar\u00e3o muita gente.<\/td>\n<td>Deixo-me enganar por falsas seguran\u00e7as espirituais ou por guias que falam em nome de Deus mas traem o Evangelho?<\/td>\n<\/tr>\n<tr>\n<td style=\"white-space:nowrap;\">Mt 24,13<\/td>\n<td>Mas quem perseverar at\u00e9 o fim, esse ser\u00e1 salvo.<\/td>\n<td>Persevero na f\u00e9 mesmo nas dificuldades e nas noites escuras, ou desisto na primeira prova\u00e7\u00e3o s\u00e9ria?<\/td>\n<\/tr>\n<tr>\n<td style=\"white-space:nowrap;\">Mt 24,42<\/td>\n<td>Vigiai, portanto, porque n\u00e3o sabeis em que dia vir\u00e1 o vosso Senhor.<\/td>\n<td>Vivo num estado de vigil\u00e2ncia espiritual, ou estou adormecido e despreparado para a vinda do Senhor?<\/td>\n<\/tr>\n<tr>\n<td style=\"white-space:nowrap;\">Mt 25,41<\/td>\n<td>Afastai-vos de mim, malditos! Ide para o fogo eterno, preparado para o diabo e para os seus anjos.<\/td>\n<td>Levo a s\u00e9rio a realidade do pecado e o risco de ir para o Inferno por toda a eternidade?<\/td>\n<\/tr>\n<tr>\n<td style=\"white-space:nowrap;\">Mc 13,22<\/td>\n<td>Surgir\u00e3o falsos cristos e falsos profetas, que far\u00e3o sinais e prod\u00edgios capazes de enganar, se poss\u00edvel, at\u00e9 os eleitos.<\/td>\n<td>Tenho os olhos abertos para os falsos profetas e os falsos cristos de hoje, ou me deixo seduzir por sinais espetaculares e palavras sedutoras?<\/td>\n<\/tr>\n<tr>\n<td style=\"white-space:nowrap;\">Lc 12,48<\/td>\n<td>Todo aquele a quem muito foi dado, muito lhe ser\u00e1 pedido; a quem muito foi confiado, dele ser\u00e1 exigido muito mais.<\/td>\n<td>Tenho consci\u00eancia do quanto recebi e de que disso devo prestar contas no \u00faltimo dia?<\/td>\n<\/tr>\n<tr>\n<td style=\"white-space:nowrap;\">Lc 16,26<\/td>\n<td>Al\u00e9m disso, h\u00e1 um grande abismo entre n\u00f3s: por mais que algu\u00e9m desejasse, n\u00e3o poderia passar daqui para junto de v\u00f3s, e nem os da\u00ed poderiam atravessar at\u00e9 n\u00f3s.<\/td>\n<td>Tenho consci\u00eancia de que as escolhas desta vida t\u00eam consequ\u00eancias eternas? Que, chegando ao C\u00e9u ou ao Inferno, permane\u00e7o l\u00e1 por toda a ETERNIDADE?<\/td>\n<\/tr>\n<tr>\n<td style=\"white-space:nowrap;\">Lc 21,34-35<\/td>\n<td>Cuidado para que vossos cora\u00e7\u00f5es n\u00e3o fiquem pesados por causa dos excessos, da embriaguez e das preocupa\u00e7\u00f5es da vida, e esse dia n\u00e3o caia de repente sobre v\u00f3s, pois cair\u00e1 como uma armadilha sobre os habitantes de toda a terra.<\/td>\n<td>O meu cora\u00e7\u00e3o n\u00e3o se tornou pesado pelas preocupa\u00e7\u00f5es, distra\u00e7\u00f5es e prazeres da vida, a ponto de perder a vigil\u00e2ncia?<\/td>\n<\/tr>\n<tr>\n<td style=\"white-space:nowrap;\">Jo 16,33<\/td>\n<td>No mundo tereis afli\u00e7\u00f5es, mas tende coragem! Eu venci o mundo!<\/td>\n<td>Tenho coragem diante das tribula\u00e7\u00f5es do mundo, sabendo que Cristo venceu o mundo, ou me desencorajo com qualquer adversidade?<\/td>\n<\/tr>\n<tr>\n<td colspan=\"3\"><strong>\u00a0<\/strong><\/p>\n<p><strong>14. REINO DE DEUS, PRIORIDADES E PREOCUPA\u00c7\u00d5ES<\/strong><\/td>\n<\/tr>\n<tr>\n<td style=\"white-space:nowrap;\">Mt 6,33<\/td>\n<td>Buscai em primeiro lugar o Reino de Deus e a sua justi\u00e7a, e todas essas coisas vos ser\u00e3o dadas por acr\u00e9scimo.<\/td>\n<td>Coloco de verdade o Reino de Deus em primeiro lugar, ou vem sempre depois do trabalho, do dinheiro, do descanso?<\/td>\n<\/tr>\n<tr>\n<td style=\"white-space:nowrap;\">Mt 6,34<\/td>\n<td>Portanto, n\u00e3o vos preocupeis com o dia de amanh\u00e3, pois o dia de amanh\u00e3 ter\u00e1 sua pr\u00f3pria preocupa\u00e7\u00e3o! A cada dia basta o seu mal.<\/td>\n<td>Vivo no presente, confiando-me a Deus, ou sou consumido pelas preocupa\u00e7\u00f5es com o futuro?<\/td>\n<\/tr>\n<tr>\n<td style=\"white-space:nowrap;\">Mt 11,12<\/td>\n<td>A partir dos dias de Jo\u00e3o Batista at\u00e9 agora, o Reino dos C\u00e9us sofre viol\u00eancia, e violentos procuram arrebat\u00e1-lo.<\/td>\n<td>O Reino de Deus exige uma luta interior: empenho-me com determina\u00e7\u00e3o, ou espero que chegue sozinho sem custo?<\/td>\n<\/tr>\n<tr>\n<td style=\"white-space:nowrap;\">Mt 16,3<\/td>\n<td>Sabeis, pois, distinguir muito bem os aspectos do c\u00e9u; mas n\u00e3o reconheceis os sinais dos tempos!<\/td>\n<td>Sei ler os sinais do tempo em que vivo com os olhos da f\u00e9, ou sou espiritualmente cego apesar de ser h\u00e1bil nas coisas do mundo?<\/td>\n<\/tr>\n<tr>\n<td style=\"white-space:nowrap;\">Lc 4,8<\/td>\n<td>Adorar\u00e1s o Senhor teu Deus e s\u00f3 a ele prestar\u00e1s culto.<\/td>\n<td>Adoro o Senhor meu Deus com todo o meu ser, ou reservo a minha adora\u00e7\u00e3o a \u00eddolos modernos \u2013 sucesso, prazer, dinheiro, imagem?<\/td>\n<\/tr>\n<tr>\n<td style=\"white-space:nowrap;\">Lc 4,12<\/td>\n<td>N\u00e3o por\u00e1s \u00e0 prova o Senhor, teu Deus.<\/td>\n<td>Confio em Deus sem coloc\u00e1-lo \u00e0 prova com pedidos de provas ou garantias?<\/td>\n<\/tr>\n<tr>\n<td style=\"white-space:nowrap;\">Lc 8,32<\/td>\n<td>Os dem\u00f4nios pediram, ent\u00e3o, que os deixasse entrar nos porcos, e Jesus permitiu.<\/td>\n<td>Creio de verdade que nada pode acontecer sem a permiss\u00e3o de Deus?<\/td>\n<\/tr>\n<tr>\n<td style=\"white-space:nowrap;\">Lc 8,37<\/td>\n<td>Toda a multid\u00e3o da regi\u00e3o dos gerasenos pediu a Jesus que fosse embora.<\/td>\n<td>Afastei Deus da minha vida porque, vivendo como crist\u00e3o, perdia alguns bens materiais ou conforto?<\/td>\n<\/tr>\n<tr>\n<td style=\"white-space:nowrap;\">Lc 10,41-42<\/td>\n<td>Marta, Marta! Tu te preocupas e andas agitada com muitas coisas. No entanto, uma s\u00f3 \u00e9 necess\u00e1ria. Maria escolheu a melhor parte e esta n\u00e3o lhe ser\u00e1 tirada.<\/td>\n<td>Sei escolher \u201ca melhor parte\u201d, ou seja, a presen\u00e7a e a palavra de Jesus, no meio de tantas atividades?<\/td>\n<\/tr>\n<tr>\n<td style=\"white-space:nowrap;\">Lc 12,56<\/td>\n<td>Hip\u00f3critas! Sabeis avaliar o aspecto da terra e do c\u00e9u. Como \u00e9 que n\u00e3o sabeis avaliar o tempo presente?<\/td>\n<td>Sei ler espiritualmente o tempo que vivo, ou estou atento a tudo, exceto aos sinais de Deus na hist\u00f3ria?<\/td>\n<\/tr>\n<tr>\n<td style=\"white-space:nowrap;\">Lc 14,24<\/td>\n<td>Eu vos digo: nenhum daqueles que foram convidados provar\u00e1 do meu banquete.<\/td>\n<td>Recusei o convite de Deus para participar da Santa Missa com pretextos banais \u2013 o trabalho, os compromissos, o esporte, as viagens etc.?<\/td>\n<\/tr>\n<tr>\n<td style=\"white-space:nowrap;\">Lc 16,31<\/td>\n<td>Se n\u00e3o escutam a Mois\u00e9s, nem aos Profetas, mesmo se algu\u00e9m ressuscitar dos mortos, n\u00e3o acreditar\u00e3o.<\/td>\n<td>Percebo que n\u00e3o s\u00e3o os milagres que convertem, mas a gra\u00e7a que Deus d\u00e1 nessa ocasi\u00e3o a quem est\u00e1 disposto a receb\u00ea-la? Que a gra\u00e7a que se d\u00e1 na Sagrada Escritura supera a dos milagres?<\/td>\n<\/tr>\n<tr>\n<td colspan=\"3\"><strong>\u00a0<\/strong><\/p>\n<p><strong>15. SERVI\u00c7O, HUMILDADE NO SERVIR E GRATUIDADE<\/strong><\/td>\n<\/tr>\n<tr>\n<td style=\"white-space:nowrap;\">Mt 7,12<\/td>\n<td>Tudo, portanto, quanto desejais que os outros vos fa\u00e7am, fazei-o, v\u00f3s tamb\u00e9m, a eles. Isto \u00e9 a Lei e os Profetas.<\/td>\n<td>Antes de agir em rela\u00e7\u00e3o aos outros, pergunto-me de verdade como eu gostaria de ser tratado no lugar deles?<\/td>\n<\/tr>\n<tr>\n<td style=\"white-space:nowrap;\">Mt 18,5<\/td>\n<td>E quem acolher em meu nome uma crian\u00e7a como esta, estar\u00e1 acolhendo a mim mesmo.<\/td>\n<td>Acolho os pequenos, os fracos, os \u00faltimos como se neles acolhesse o pr\u00f3prio Cristo?<\/td>\n<\/tr>\n<tr>\n<td style=\"white-space:nowrap;\">Mt 18,10<\/td>\n<td>Cuidado! N\u00e3o desprezeis um s\u00f3 destes pequenos! Eu vos digo que os seus anjos, no c\u00e9u, contemplam sem cessar a face do meu Pai que est\u00e1 nos c\u00e9us.<\/td>\n<td>Desprezo ou ignoro os pequenos e os simples, esquecendo que eles s\u00e3o os preferidos de Deus?<\/td>\n<\/tr>\n<tr>\n<td style=\"white-space:nowrap;\">Mt 19,14<\/td>\n<td>Deixai as crian\u00e7as, e n\u00e3o as impe\u00e7ais de virem a mim; porque a pessoas assim \u00e9 que pertence o Reino dos C\u00e9us.<\/td>\n<td>Coloco-me como obst\u00e1culo entre os pequenos e Cristo \u2013 com o meu julgamento, a minha frieza \u2013 em vez de lhes abrir o caminho?<\/td>\n<\/tr>\n<tr>\n<td style=\"white-space:nowrap;\">Mt 20,26-27<\/td>\n<td>Quem quiser ser o maior entre v\u00f3s, seja aquele que vos serve, e quem quiser ser o primeiro entre v\u00f3s, seja vosso escravo.<\/td>\n<td>Entendo que servir aos outros com a gra\u00e7a de Deus que me foi dada \u00e9 uma imita\u00e7\u00e3o de Cristo?<\/td>\n<\/tr>\n<tr>\n<td style=\"white-space:nowrap;\">Mt 22,21<\/td>\n<td>Devolvei, pois, a C\u00e9sar o que \u00e9 de C\u00e9sar e a Deus, o que \u00e9 de Deus.<\/td>\n<td>Dou a Deus o que \u00e9 de Deus \u2013 o meu cora\u00e7\u00e3o, o meu tempo, a minha obedi\u00eancia?<\/td>\n<\/tr>\n<tr>\n<td style=\"white-space:nowrap;\">Mt 22,37<\/td>\n<td>Amar\u00e1s o Senhor, teu Deus, com todo o teu cora\u00e7\u00e3o, com toda a tua alma e com todo o teu entendimento. Esse \u00e9 o maior e primeiro mandamento. Ora, o segundo lhe \u00e9 semelhante: Amar\u00e1s teu pr\u00f3ximo como a ti mesmo.<\/td>\n<td>Amo a Deus com todo o meu ser ou apenas com a mente?<\/td>\n<\/tr>\n<tr>\n<td style=\"white-space:nowrap;\">Mt 25,35-36<\/td>\n<td>Pois eu estava com fome, e me destes de comer; estava com sede, e me destes de beber; eu era forasteiro, e me recebestes em casa; estava nu, e me vestistes; doente, e cuidastes de mim; na pris\u00e3o, e fostes visitar-me.<\/td>\n<td>Reconhe\u00e7o Jesus nos pobres, nos estrangeiros, nos doentes, nos prisioneiros (n\u00e3o apenas nos aspectos materiais) que encontro?<\/td>\n<\/tr>\n<tr>\n<td style=\"white-space:nowrap;\">Mc 2,20<\/td>\n<td>Dias vir\u00e3o em que o noivo lhes ser\u00e1 tirado. Ent\u00e3o, naquele dia jejuar\u00e3o.<\/td>\n<td>Vivo a pr\u00e1tica do jejum como priva\u00e7\u00e3o vivida no amor pelo Esposo ausente, ou \u00e9 para mim apenas para emagrecer?<\/td>\n<\/tr>\n<tr>\n<td style=\"white-space:nowrap;\">Mc 3,4<\/td>\n<td>Em dia de s\u00e1bado o que \u00e9 permitido: fazer o bem ou fazer o mal, salvar uma vida ou matar?<\/td>\n<td>Percebo que a omiss\u00e3o de um bem \u00e9 um mal? Que, por exemplo, se eu podia salvar algu\u00e9m e n\u00e3o o fiz, sou respons\u00e1vel pela sua morte?<\/td>\n<\/tr>\n<tr>\n<td style=\"white-space:nowrap;\">Lc 17,18<\/td>\n<td>N\u00e3o houve quem voltasse para dar gl\u00f3ria a Deus, a n\u00e3o ser este estrangeiro?<\/td>\n<td>Agrade\u00e7o a Deus pelos benef\u00edcios recebidos, ou os recebo como devidos, sem gratid\u00e3o?<\/td>\n<\/tr>\n<tr>\n<td style=\"white-space:nowrap;\">Jo 13,34<\/td>\n<td>Eu vos dou um novo mandamento: amai-vos uns aos outros. Como eu os amei, assim tamb\u00e9m v\u00f3s deveis amar-vos uns aos outros.<\/td>\n<td>Percebo que o \u201cnovo\u201d no mandamento est\u00e1 no \u201ccomo\u201d?<\/td>\n<\/tr>\n<tr>\n<td colspan=\"3\"><strong>\u00a0<\/strong><\/p>\n<p><strong>16. ESC\u00c2NDALO, EXCLUSIVISMO E ABERTURA<\/strong><\/td>\n<\/tr>\n<tr>\n<td style=\"white-space:nowrap;\">Mc 9,38-40<\/td>\n<td>Mestre, vimos algu\u00e9m expulsar dem\u00f4nios em teu nome. Mas n\u00f3s o proibimos, porque n\u00e3o andava conosco. Jesus, por\u00e9m, disse: N\u00e3o o proibais, pois ningu\u00e9m que faz milagres em meu nome poder\u00e1 logo depois falar mal de mim. Quem n\u00e3o \u00e9 contra n\u00f3s, est\u00e1 a nosso favor.<\/td>\n<td>Impe\u00e7o ou obstaculizo o bem feito por outros s\u00f3 porque n\u00e3o pertencem ao meu grupo ou \u00e0 minha corrente?<\/td>\n<\/tr>\n<tr>\n<td style=\"white-space:nowrap;\">Lc 9,54-55<\/td>\n<td>Senhor, queres que mandemos descer fogo do c\u00e9u, para que os destrua? Ele, por\u00e9m, voltou-se e os repreendeu.<\/td>\n<td>Se algu\u00e9m n\u00e3o aceita logo a palavra de Deus, considero-o digno de puni\u00e7\u00e3o ou de morte? Tenho a longanimidade de Deus, que espera at\u00e9 o \u00faltimo momento?<\/td>\n<\/tr>\n<tr>\n<td style=\"white-space:nowrap;\">Lc 11,52<\/td>\n<td>Ai de v\u00f3s, doutores da Lei, porque ficastes com a chave da ci\u00eancia: v\u00f3s mesmos n\u00e3o entrastes, e ainda impedistes os que queriam entrar.<\/td>\n<td>Com a minha ignor\u00e2ncia da Palavra de Deus, ou com o meu mau exemplo, impe\u00e7o outros de conhecerem o verdadeiro Deus?<\/td>\n<\/tr>\n<tr>\n<td style=\"white-space:nowrap;\">Jo 5,43<\/td>\n<td>Eu vim em nome do meu Pai e v\u00f3s n\u00e3o me recebeis. Mas se um outro viesse em seu pr\u00f3prio nome, a esse receber\u00edeis.<\/td>\n<td>Acolho facilmente quem se apresenta em nome pr\u00f3prio \u2013 gurus, influenciadores, personagens \u2013 e tenho dificuldade em acolher a Cristo?<\/td>\n<\/tr>\n<tr>\n<td style=\"white-space:nowrap;\">Jo 5,44<\/td>\n<td>Como podereis acreditar, v\u00f3s que recebeis gl\u00f3ria uns dos outros, e n\u00e3o buscais a gl\u00f3ria que vem do Deus \u00fanico?<\/td>\n<td>Percebo que quando aceito e busco a gl\u00f3ria dos homens corro o risco de n\u00e3o poder aceitar a f\u00e9 que vem de Deus?<\/td>\n<\/tr>\n<tr>\n<td style=\"white-space:nowrap;\">Jo 6,26<\/td>\n<td>Em verdade, em verdade, vos digo: estais me procurando n\u00e3o porque vistes sinais, mas porque comestes p\u00e3o e ficastes saciados.<\/td>\n<td>Busco a Cristo por ele mesmo ou busco os bens materiais que podem vir da Igreja?<\/td>\n<\/tr>\n<tr>\n<td style=\"white-space:nowrap;\">Jo 15,2<\/td>\n<td>Todo ramo que n\u00e3o d\u00e1 fruto em mim, ele corta; e todo ramo que d\u00e1 fruto, ele limpa, para que d\u00ea mais fruto ainda.<\/td>\n<td>Aceito a poda do Pai \u2013 as ren\u00fancias, as prova\u00e7\u00f5es, as corre\u00e7\u00f5es \u2013 como cuidado que me ajuda a dar mais fruto?<\/td>\n<\/tr>\n<tr>\n<td style=\"white-space:nowrap;\">Jo 15,3<\/td>\n<td>V\u00f3s j\u00e1 estais limpos, por causa da palavra que lhes falei.<\/td>\n<td>Creio ser purificado pela Palavra de Jesus e lhe agrade\u00e7o?<\/td>\n<\/tr>\n<tr>\n<td style=\"white-space:nowrap;\">Jo 15,11<\/td>\n<td>Eu vos disse isso, para que a minha alegria esteja em v\u00f3s, e a vossa alegria seja completa.<\/td>\n<td>A minha alegria \u00e9 plena em Cristo, ou busco a alegria em outro lugar, sem nunca a encontrar de verdade?<\/td>\n<\/tr>\n<tr>\n<td style=\"white-space:nowrap;\">Jo 15,16<\/td>\n<td>N\u00e3o fostes v\u00f3s que me escolhestes; fui eu que vos escolhi e vos designei, para dardes fruto e para que o vosso fruto permane\u00e7a.<\/td>\n<td>Tenho consci\u00eancia de n\u00e3o ter sido eu a escolher a Cristo, mas de ter sido escolhido por ele para dar fruto que permane\u00e7a?<\/td>\n<\/tr>\n<tr>\n<td colspan=\"3\"><strong>\u00a0<\/strong><\/p>\n<p><strong>17. SOFRIMENTO, CRUZ E SIGNIFICADO DO MAL<\/strong><\/td>\n<\/tr>\n<tr>\n<td style=\"white-space:nowrap;\">Jo 9,2-3<\/td>\n<td>Rabi, quem pecou, para que nascesse cego, ele ou seus pais? Jesus respondeu: Nem ele, nem seus pais pecaram, mas \u00e9 uma ocasi\u00e3o para que se manifestem nele as obras de Deus.<\/td>\n<td>Paro de procurar quem pecou diante de cada sofrimento meu e alheio, e busco, em vez disso, como as obras de Deus podem se manifestar?<\/td>\n<\/tr>\n<tr>\n<td style=\"white-space:nowrap;\">Jo 9,4<\/td>\n<td>\u00c9 preciso que fa\u00e7amos as obras daquele que me enviou, enquanto \u00e9 dia. Vem a noite, quando ningu\u00e9m poder\u00e1 trabalhar.<\/td>\n<td>Realizo as obras de Deus enquanto \u00e9 dia \u2013 enquanto tenho tempo, for\u00e7a, vida \u2013 ou adio esperando condi\u00e7\u00f5es melhores?<\/td>\n<\/tr>\n<\/tbody>\n<\/table>\n","protected":false},"excerpt":{"rendered":"<p>\u00a0 1. F\u00c9 AUT\u00caNTICA E VIDA INTERIOR Mt 3,8-9 Produzi fruto que mostre vossa convers\u00e3o&#8230;.<\/p>\n","protected":false},"author":1,"featured_media":52808,"parent":0,"menu_order":0,"comment_status":"closed","ping_status":"closed","template":"","meta":{"iawp_total_views":2,"footnotes":""},"class_list":["post-52833","page","type-page","status-publish","has-post-thumbnail","hentry"],"_links":{"self":[{"href":"https:\/\/www.donbosco.press\/pt-pt\/wp-json\/wp\/v2\/pages\/52833","targetHints":{"allow":["GET"]}}],"collection":[{"href":"https:\/\/www.donbosco.press\/pt-pt\/wp-json\/wp\/v2\/pages"}],"about":[{"href":"https:\/\/www.donbosco.press\/pt-pt\/wp-json\/wp\/v2\/types\/page"}],"author":[{"embeddable":true,"href":"https:\/\/www.donbosco.press\/pt-pt\/wp-json\/wp\/v2\/users\/1"}],"replies":[{"embeddable":true,"href":"https:\/\/www.donbosco.press\/pt-pt\/wp-json\/wp\/v2\/comments?post=52833"}],"version-history":[{"count":2,"href":"https:\/\/www.donbosco.press\/pt-pt\/wp-json\/wp\/v2\/pages\/52833\/revisions"}],"predecessor-version":[{"id":52840,"href":"https:\/\/www.donbosco.press\/pt-pt\/wp-json\/wp\/v2\/pages\/52833\/revisions\/52840"}],"wp:featuredmedia":[{"embeddable":true,"href":"https:\/\/www.donbosco.press\/pt-pt\/wp-json\/wp\/v2\/media\/52808"}],"wp:attachment":[{"href":"https:\/\/www.donbosco.press\/pt-pt\/wp-json\/wp\/v2\/media?parent=52833"}],"curies":[{"name":"wp","href":"https:\/\/api.w.org\/{rel}","templated":true}]}}