{"id":11396,"date":"2023-01-16T20:01:02","date_gmt":"2023-01-16T20:01:02","guid":{"rendered":"https:\/\/exciting-knuth.178-32-140-152.plesk.page\/archivio-articoli-per-tags\/"},"modified":"2026-03-26T20:11:34","modified_gmt":"2026-03-26T20:11:34","slug":"archivartikel-nach-stichworten-tags","status":"publish","type":"page","link":"https:\/\/www.donbosco.press\/de\/archivartikel-nach-stichworten-tags\/","title":{"rendered":"Archivartikel nach Stichworten (Tags)"},"content":{"rendered":"\n<figure class=\"wp-block-table\"><table><tbody><tr><td>1<\/td><td><a href=\"..\/tag\/wohltater\/\" target=\"_blank\" rel=\"noreferrer noopener\">wohlt\u00e4ter<\/a><\/td><\/tr><tr><td>2<\/td><td><a href=\"..\/tag\/bioethik\/\" target=\"_blank\" rel=\"noreferrer noopener\">bioethik<\/a><\/td><\/tr><tr><td>3<\/td><td><a href=\"..\/tag\/salesianisches-charisma\/\" target=\"_blank\" rel=\"noreferrer noopener\">salesianisches charisma<\/a><\/td><\/tr><tr><td>4<\/td><td><a href=\"..\/tag\/wohltatigkeit\/\" target=\"_blank\" rel=\"noreferrer noopener\">wohlt\u00e4tigkeit<\/a><\/td><\/tr><tr><td>5<\/td><td><a href=\"..\/tag\/hauser-der-salesianer\/\" target=\"_blank\" rel=\"noreferrer noopener\">h\u00e4user der salesianer<\/a><\/td><\/tr><tr><td>6<\/td><td><a href=\"..\/tag\/mitarbeiterinnen-und-mitarbeiter-der-salesianer\/\" target=\"_blank\" rel=\"noreferrer noopener\">mitarbeiterinnen und mitarbeiter der salesianer<\/a><\/td><\/tr><tr><td>7<\/td><td><a href=\"..\/tag\/don-bosco\/\" target=\"_blank\" rel=\"noreferrer noopener\">don Bosco<\/a><\/td><\/tr><tr><td>8<\/td><td><a href=\"..\/tag\/bildung\/\" target=\"_blank\" rel=\"noreferrer noopener\">bildung<\/a><\/td><\/tr><tr><td>9<\/td><td><a href=\"..\/tag\/veranstaltungen\/\" target=\"_blank\" rel=\"noreferrer noopener\">veranstaltungen<\/a><\/td><\/tr><tr><td>10<\/td><td><a href=\"..\/tag\/ehemalige-schuler\/\" target=\"_blank\" rel=\"noreferrer noopener\">ehemalige sch\u00fcler<\/a><\/td><\/tr><tr><td>11<\/td><td><a href=\"..\/tag\/familie\/\" target=\"_blank\" rel=\"noreferrer noopener\">familie<\/a><\/td><\/tr><tr><td>12<\/td><td><a href=\"..\/tag\/salesianische-familie\/\" target=\"_blank\" rel=\"noreferrer noopener\">salesianische familie<\/a><\/td><\/tr><tr><td>13<\/td><td><a href=\"..\/tag\/tochter-von-maria,-hilfe-der-christen\/\" target=\"_blank\" rel=\"noreferrer noopener\">T\u00f6chter von Maria, Hilfe der Christen<\/a><\/td><\/tr><tr><td>14<\/td><td><a href=\"..\/tag\/bildung\/\" target=\"_blank\" rel=\"noreferrer noopener\">bildung<\/a><\/td><\/tr><tr><td>15<\/td><td><a href=\"..\/tag\/jugend\/\" target=\"_blank\" rel=\"noreferrer noopener\">jugend<\/a><\/td><\/tr><tr><td>16<\/td><td><a href=\"..\/tag\/erhaltene-gnaden\/\" target=\"_blank\" rel=\"noreferrer noopener\">erhaltene gnaden<\/a><\/td><\/tr><tr><td>17<\/td><td><a href=\"..\/tag\/ablass\/\" target=\"_blank\" rel=\"noreferrer noopener\">ablass<\/a><\/td><\/tr><tr><td>18<\/td><td><a href=\"..\/tag\/unsere-helden\/\" target=\"_blank\" rel=\"noreferrer noopener\">unsere helden<\/a><\/td><\/tr><tr><td>19<\/td><td><a href=\"..\/tag\/interviews\/\" target=\"_blank\" rel=\"noreferrer noopener\">interviews<\/a><\/td><\/tr><tr><td>20<\/td><td><a href=\"..\/tag\/salesianische-inspektorate\/\" target=\"_blank\" rel=\"noreferrer noopener\">salesianische inspektorate<\/a><\/td><\/tr><tr><td>21<\/td><td><a href=\"..\/tag\/unsere-leiterinnen-und-leiter\/\" target=\"_blank\" rel=\"noreferrer noopener\">unsere leiterinnen und leiter<\/a><\/td><\/tr><tr><td>22<\/td><td><a href=\"..\/tag\/salesianische-orte\/\" target=\"_blank\" rel=\"noreferrer noopener\">salesianische orte<\/a><\/td><\/tr><tr><td>23<\/td><td><a href=\"..\/tag\/maria\/\" target=\"_blank\" rel=\"noreferrer noopener\">Maria<\/a><\/td><\/tr><tr><td>24<\/td><td><a href=\"..\/tag\/martyrerinnen\/\" target=\"_blank\" rel=\"noreferrer noopener\">m\u00e4rtyrerinnen<\/a><\/td><\/tr><tr><td>25<\/td><td><a href=\"..\/tag\/wunder\/\" target=\"_blank\" rel=\"noreferrer noopener\">wunder<\/a><\/td><\/tr><tr><td>26<\/td><td><a href=\"..\/tag\/missionen\/\" target=\"_blank\" rel=\"noreferrer noopener\">missionen<\/a><\/td><\/tr><tr><td>27<\/td><td><a href=\"..\/tag\/musik\/\" target=\"_blank\" rel=\"noreferrer noopener\">musik<\/a><\/td><\/tr><tr><td>28<\/td><td><a href=\"..\/tag\/nachruf\/\" target=\"_blank\" rel=\"noreferrer noopener\">nachruf<\/a><\/td><\/tr><tr><td>29<\/td><td><a href=\"..\/tag\/jugendfreizeitstatte\/\" target=\"_blank\" rel=\"noreferrer noopener\">jugendfreizeitst\u00e4tte<\/a><\/td><\/tr><tr><td>30<\/td><td><a href=\"..\/tag\/papst\/\" target=\"_blank\" rel=\"noreferrer noopener\">papst<\/a><\/td><\/tr><tr><td>31<\/td><td><a href=\"..\/tag\/salesianergemeinden\/\" target=\"_blank\" rel=\"noreferrer noopener\">salesianergemeinden<\/a><\/td><\/tr><tr><td>32<\/td><td><a href=\"..\/tag\/arme\/\" target=\"_blank\" rel=\"noreferrer noopener\">arme<\/a><\/td><\/tr><tr><td>33<\/td><td><a href=\"..\/tag\/projekt-des-monats\/\" target=\"_blank\" rel=\"noreferrer noopener\">projekt des monats<\/a><\/td><\/tr><tr><td>34<\/td><td><a href=\"..\/tag\/vorsehung\/\" target=\"_blank\" rel=\"noreferrer noopener\">Vorsehung<\/a><\/td><\/tr><tr><td>35<\/td><td><a href=\"..\/tag\/buchbesprechungen\/\" target=\"_blank\" rel=\"noreferrer noopener\">buchbesprechungen<\/a><\/td><\/tr><tr><td>36<\/td><td><a href=\"..\/tag\/salesianer\/\" target=\"_blank\" rel=\"noreferrer noopener\">salesianer<\/a><\/td><\/tr><tr><td>37<\/td><td><a href=\"..\/tag\/heilige\/\" target=\"_blank\" rel=\"noreferrer noopener\">heilige<\/a><\/td><\/tr><tr><td>38<\/td><td><a href=\"..\/tag\/schule\/\" target=\"_blank\" rel=\"noreferrer noopener\">schule<\/a><\/td><\/tr><tr><td>39<\/td><td><a href=\"..\/tag\/solidaritat\/\" target=\"_blank\" rel=\"noreferrer noopener\">solidarit\u00e4t<\/a><\/td><\/tr><tr><td>40<\/td><td><a href=\"..\/tag\/jugendgeschichten\/\" target=\"_blank\" rel=\"noreferrer noopener\">jugendgeschichten<\/a><\/td><\/tr><tr><td>41<\/td><td><a href=\"..\/tag\/strenna\/\" target=\"_blank\" rel=\"noreferrer noopener\">strenna<\/a><\/td><\/tr><tr><td>42<\/td><td><a href=\"..\/tag\/zeugen\/\" target=\"_blank\" rel=\"noreferrer noopener\">zeugen<\/a><\/td><\/tr><tr><td>43<\/td><td><a href=\"..\/tag\/reisen\/\" target=\"_blank\" rel=\"noreferrer noopener\">reisen<\/a><\/td><\/tr><tr><td>44<\/td><td><a href=\"..\/tag\/tugenden\/\" target=\"_blank\" rel=\"noreferrer noopener\">tugenden<\/a><\/td><\/tr><tr><td>45<\/td><td><a href=\"..\/tag\/laster\/\" target=\"_blank\" rel=\"noreferrer noopener\">laster<\/a><\/td><\/tr><tr><td>46<\/td><td><a href=\"..\/tag\/berufungen\/\" target=\"_blank\" rel=\"noreferrer noopener\">berufungen<\/a><\/td><\/tr><\/tbody><\/table><\/figure>\n\n\n\n<p><\/p>\n\n\n\n<hr class=\"wp-block-separator has-alpha-channel-opacity\"\/>\n\n\n\n<h2 class=\"wp-block-heading\"><span><i class=\"fas fa-arrow-right\"><\/i><\/span>Tag Cloud Archiv <\/h2>\n\n\n<p class=\"wp-block-tag-cloud\"><a href=\"https:\/\/www.donbosco.press\/de\/tag\/arm\/\" class=\"tag-cloud-link tag-link-1933 tag-link-position-1\" style=\"font-size: 11.222222222222pt;\" aria-label=\"arm (32\u00a0Eintr\u00e4ge)\">arm<\/a>\n<a href=\"https:\/\/www.donbosco.press\/de\/tag\/ausbildung\/\" class=\"tag-cloud-link tag-link-2222 tag-link-position-2\" style=\"font-size: 10.222222222222pt;\" aria-label=\"Ausbildung (26\u00a0Eintr\u00e4ge)\">Ausbildung<\/a>\n<a href=\"https:\/\/www.donbosco.press\/de\/tag\/berufungen\/\" class=\"tag-cloud-link tag-link-2623 tag-link-position-3\" style=\"font-size: 13.444444444444pt;\" aria-label=\"Berufungen (52\u00a0Eintr\u00e4ge)\">Berufungen<\/a>\n<a href=\"https:\/\/www.donbosco.press\/de\/tag\/don-bosco\/\" class=\"tag-cloud-link tag-link-2575 tag-link-position-4\" style=\"font-size: 19.666666666667pt;\" aria-label=\"Don Bosco (189\u00a0Eintr\u00e4ge)\">Don Bosco<\/a>\n<a href=\"https:\/\/www.donbosco.press\/de\/tag\/empfehlungen\/\" class=\"tag-cloud-link tag-link-2635 tag-link-position-5\" style=\"font-size: 19.222222222222pt;\" aria-label=\"Empfehlungen (171\u00a0Eintr\u00e4ge)\">Empfehlungen<\/a>\n<a href=\"https:\/\/www.donbosco.press\/de\/tag\/erhaltene-gnaden\/\" class=\"tag-cloud-link tag-link-1825 tag-link-position-6\" style=\"font-size: 14.222222222222pt;\" aria-label=\"erhaltene Gnaden (60\u00a0Eintr\u00e4ge)\">erhaltene Gnaden<\/a>\n<a href=\"https:\/\/www.donbosco.press\/de\/tag\/erziehung\/\" class=\"tag-cloud-link tag-link-2578 tag-link-position-7\" style=\"font-size: 17.666666666667pt;\" aria-label=\"Erziehung (125\u00a0Eintr\u00e4ge)\">Erziehung<\/a>\n<a href=\"https:\/\/www.donbosco.press\/de\/tag\/fahrten\/\" class=\"tag-cloud-link tag-link-2017 tag-link-position-8\" style=\"font-size: 9pt;\" aria-label=\"Fahrten (20\u00a0Eintr\u00e4ge)\">Fahrten<\/a>\n<a href=\"https:\/\/www.donbosco.press\/de\/tag\/familie\/\" class=\"tag-cloud-link tag-link-2212 tag-link-position-9\" style=\"font-size: 8.7777777777778pt;\" aria-label=\"Familie (19\u00a0Eintr\u00e4ge)\">Familie<\/a>\n<a href=\"https:\/\/www.donbosco.press\/de\/tag\/gnade\/\" class=\"tag-cloud-link tag-link-1819 tag-link-position-10\" style=\"font-size: 16.666666666667pt;\" aria-label=\"Gnade (101\u00a0Eintr\u00e4ge)\">Gnade<\/a>\n<a href=\"https:\/\/www.donbosco.press\/de\/tag\/gott\/\" class=\"tag-cloud-link tag-link-2555 tag-link-position-11\" style=\"font-size: 19.666666666667pt;\" aria-label=\"Gott (189\u00a0Eintr\u00e4ge)\">Gott<\/a>\n<a href=\"https:\/\/www.donbosco.press\/de\/tag\/heilige\/\" class=\"tag-cloud-link tag-link-1969 tag-link-position-12\" style=\"font-size: 20.333333333333pt;\" aria-label=\"Heilige (216\u00a0Eintr\u00e4ge)\">Heilige<\/a>\n<a href=\"https:\/\/www.donbosco.press\/de\/tag\/hoffnung\/\" class=\"tag-cloud-link tag-link-1993 tag-link-position-13\" style=\"font-size: 11.222222222222pt;\" aria-label=\"Hoffnung (32\u00a0Eintr\u00e4ge)\">Hoffnung<\/a>\n<a href=\"https:\/\/www.donbosco.press\/de\/tag\/initiativen\/\" class=\"tag-cloud-link tag-link-1837 tag-link-position-14\" style=\"font-size: 10pt;\" aria-label=\"Initiativen (25\u00a0Eintr\u00e4ge)\">Initiativen<\/a>\n<a href=\"https:\/\/www.donbosco.press\/de\/tag\/interviews\/\" class=\"tag-cloud-link tag-link-1849 tag-link-position-15\" style=\"font-size: 10.777777777778pt;\" aria-label=\"Interviews (29\u00a0Eintr\u00e4ge)\">Interviews<\/a>\n<a href=\"https:\/\/www.donbosco.press\/de\/tag\/jesus\/\" class=\"tag-cloud-link tag-link-2187 tag-link-position-16\" style=\"font-size: 15pt;\" aria-label=\"Jesus (71\u00a0Eintr\u00e4ge)\">Jesus<\/a>\n<a href=\"https:\/\/www.donbosco.press\/de\/tag\/jugend\/\" class=\"tag-cloud-link tag-link-1813 tag-link-position-17\" style=\"font-size: 16.777777777778pt;\" aria-label=\"Jugend (103\u00a0Eintr\u00e4ge)\">Jugend<\/a>\n<a href=\"https:\/\/www.donbosco.press\/de\/tag\/jugendgeschichten\/\" class=\"tag-cloud-link tag-link-1999 tag-link-position-18\" style=\"font-size: 8.3333333333333pt;\" aria-label=\"Jugendgeschichten (17\u00a0Eintr\u00e4ge)\">Jugendgeschichten<\/a>\n<a href=\"https:\/\/www.donbosco.press\/de\/tag\/katechese\/\" class=\"tag-cloud-link tag-link-1735 tag-link-position-19\" style=\"font-size: 12.333333333333pt;\" aria-label=\"Katechese (41\u00a0Eintr\u00e4ge)\">Katechese<\/a>\n<a href=\"https:\/\/www.donbosco.press\/de\/tag\/kirche\/\" class=\"tag-cloud-link tag-link-2632 tag-link-position-20\" style=\"font-size: 17pt;\" aria-label=\"Kirche (109\u00a0Eintr\u00e4ge)\">Kirche<\/a>\n<a href=\"https:\/\/www.donbosco.press\/de\/tag\/leben\/\" class=\"tag-cloud-link tag-link-2029 tag-link-position-21\" style=\"font-size: 13.222222222222pt;\" aria-label=\"Leben (49\u00a0Eintr\u00e4ge)\">Leben<\/a>\n<a href=\"https:\/\/www.donbosco.press\/de\/tag\/laender\/\" class=\"tag-cloud-link tag-link-1921 tag-link-position-22\" style=\"font-size: 9pt;\" aria-label=\"L\u00e4nder (20\u00a0Eintr\u00e4ge)\">L\u00e4nder<\/a>\n<a href=\"https:\/\/www.donbosco.press\/de\/tag\/maria\/\" class=\"tag-cloud-link tag-link-1687 tag-link-position-23\" style=\"font-size: 13.111111111111pt;\" aria-label=\"Maria (48\u00a0Eintr\u00e4ge)\">Maria<\/a>\n<a href=\"https:\/\/www.donbosco.press\/de\/tag\/missionen\/\" class=\"tag-cloud-link tag-link-1891 tag-link-position-24\" style=\"font-size: 15.111111111111pt;\" aria-label=\"Missionen (73\u00a0Eintr\u00e4ge)\">Missionen<\/a>\n<a href=\"https:\/\/www.donbosco.press\/de\/tag\/papst\/\" class=\"tag-cloud-link tag-link-1693 tag-link-position-25\" style=\"font-size: 9.8888888888889pt;\" aria-label=\"Papst (24\u00a0Eintr\u00e4ge)\">Papst<\/a>\n<a href=\"https:\/\/www.donbosco.press\/de\/tag\/religioese-nachrichten\/\" class=\"tag-cloud-link tag-link-1909 tag-link-position-26\" style=\"font-size: 12pt;\" aria-label=\"Religi\u00f6se Nachrichten (38\u00a0Eintr\u00e4ge)\">Religi\u00f6se Nachrichten<\/a>\n<a href=\"https:\/\/www.donbosco.press\/de\/tag\/rettung\/\" class=\"tag-cloud-link tag-link-1963 tag-link-position-27\" style=\"font-size: 16.333333333333pt;\" aria-label=\"Rettung (94\u00a0Eintr\u00e4ge)\">Rettung<\/a>\n<a href=\"https:\/\/www.donbosco.press\/de\/tag\/salesianer\/\" class=\"tag-cloud-link tag-link-1957 tag-link-position-28\" style=\"font-size: 20pt;\" aria-label=\"Salesianer (202\u00a0Eintr\u00e4ge)\">Salesianer<\/a>\n<a href=\"https:\/\/www.donbosco.press\/de\/tag\/salesianerhaeuser\/\" class=\"tag-cloud-link tag-link-1729 tag-link-position-29\" style=\"font-size: 10.777777777778pt;\" aria-label=\"Salesianerh\u00e4user (29\u00a0Eintr\u00e4ge)\">Salesianerh\u00e4user<\/a>\n<a href=\"https:\/\/www.donbosco.press\/de\/tag\/salesianische-familie\/\" class=\"tag-cloud-link tag-link-2589 tag-link-position-30\" style=\"font-size: 14.888888888889pt;\" aria-label=\"salesianische Familie (70\u00a0Eintr\u00e4ge)\">salesianische Familie<\/a>\n<a href=\"https:\/\/www.donbosco.press\/de\/tag\/salesianische-inspektorate\/\" class=\"tag-cloud-link tag-link-1855 tag-link-position-31\" style=\"font-size: 9pt;\" aria-label=\"Salesianische Inspektorate (20\u00a0Eintr\u00e4ge)\">Salesianische Inspektorate<\/a>\n<a href=\"https:\/\/www.donbosco.press\/de\/tag\/salesianische-kreativitaet\/\" class=\"tag-cloud-link tag-link-1759 tag-link-position-32\" style=\"font-size: 11.666666666667pt;\" aria-label=\"Salesianische Kreativit\u00e4t (35\u00a0Eintr\u00e4ge)\">Salesianische Kreativit\u00e4t<\/a>\n<a href=\"https:\/\/www.donbosco.press\/de\/tag\/salesianische-orte\/\" class=\"tag-cloud-link tag-link-1873 tag-link-position-33\" style=\"font-size: 8pt;\" aria-label=\"Salesianische Orte (16\u00a0Eintr\u00e4ge)\">Salesianische Orte<\/a>\n<a href=\"https:\/\/www.donbosco.press\/de\/tag\/charyzmat-salezjanski\/\" class=\"tag-cloud-link tag-link-2504 tag-link-position-34\" style=\"font-size: 22pt;\" aria-label=\"Salesianisches Charisma (310\u00a0Eintr\u00e4ge)\">Salesianisches Charisma<\/a>\n<a href=\"https:\/\/www.donbosco.press\/de\/tag\/solidaritaet\/\" class=\"tag-cloud-link tag-link-1987 tag-link-position-35\" style=\"font-size: 12pt;\" aria-label=\"Solidarit\u00e4t (38\u00a0Eintr\u00e4ge)\">Solidarit\u00e4t<\/a>\n<a href=\"https:\/\/www.donbosco.press\/de\/tag\/traeume\/\" class=\"tag-cloud-link tag-link-1981 tag-link-position-36\" style=\"font-size: 11.666666666667pt;\" aria-label=\"Tr\u00e4ume (35\u00a0Eintr\u00e4ge)\">Tr\u00e4ume<\/a>\n<a href=\"https:\/\/www.donbosco.press\/de\/tag\/tugend\/\" class=\"tag-cloud-link tag-link-2023 tag-link-position-37\" style=\"font-size: 17pt;\" aria-label=\"Tugend (108\u00a0Eintr\u00e4ge)\">Tugend<\/a>\n<a href=\"https:\/\/www.donbosco.press\/de\/tag\/unsere-fuehrer\/\" class=\"tag-cloud-link tag-link-2607 tag-link-position-38\" style=\"font-size: 16pt;\" aria-label=\"unsere F\u00fchrer (88\u00a0Eintr\u00e4ge)\">unsere F\u00fchrer<\/a>\n<a href=\"https:\/\/www.donbosco.press\/de\/tag\/unsere-helden\/\" class=\"tag-cloud-link tag-link-1843 tag-link-position-39\" style=\"font-size: 8pt;\" aria-label=\"unsere Helden (16\u00a0Eintr\u00e4ge)\">unsere Helden<\/a>\n<a href=\"https:\/\/www.donbosco.press\/de\/tag\/veranstaltungen\/\" class=\"tag-cloud-link tag-link-2581 tag-link-position-40\" style=\"font-size: 15.888888888889pt;\" aria-label=\"Veranstaltungen (87\u00a0Eintr\u00e4ge)\">Veranstaltungen<\/a>\n<a href=\"https:\/\/www.donbosco.press\/de\/tag\/vorsehung\/\" class=\"tag-cloud-link tag-link-1699 tag-link-position-41\" style=\"font-size: 12.333333333333pt;\" aria-label=\"Vorsehung (41\u00a0Eintr\u00e4ge)\">Vorsehung<\/a>\n<a href=\"https:\/\/www.donbosco.press\/de\/tag\/wohltaeter\/\" class=\"tag-cloud-link tag-link-1705 tag-link-position-42\" style=\"font-size: 13.666666666667pt;\" aria-label=\"Wohlt\u00e4ter (54\u00a0Eintr\u00e4ge)\">Wohlt\u00e4ter<\/a>\n<a href=\"https:\/\/www.donbosco.press\/de\/tag\/wohltaetigkeit\/\" class=\"tag-cloud-link tag-link-2564 tag-link-position-43\" style=\"font-size: 18.666666666667pt;\" aria-label=\"Wohlt\u00e4tigkeit (155\u00a0Eintr\u00e4ge)\">Wohlt\u00e4tigkeit<\/a>\n<a href=\"https:\/\/www.donbosco.press\/de\/tag\/wunder\/\" class=\"tag-cloud-link tag-link-1885 tag-link-position-44\" style=\"font-size: 10.444444444444pt;\" aria-label=\"Wunder (27\u00a0Eintr\u00e4ge)\">Wunder<\/a>\n<a href=\"https:\/\/www.donbosco.press\/de\/tag\/zeugen\/\" class=\"tag-cloud-link tag-link-2617 tag-link-position-45\" style=\"font-size: 19.666666666667pt;\" aria-label=\"Zeugen (191\u00a0Eintr\u00e4ge)\">Zeugen<\/a><\/p>","protected":false},"excerpt":{"rendered":"<p>1 wohlt\u00e4ter 2 bioethik 3 salesianisches charisma 4 wohlt\u00e4tigkeit 5 h\u00e4user der salesianer 6 mitarbeiterinnen&#8230;<\/p>\n","protected":false},"author":1,"featured_media":0,"parent":0,"menu_order":0,"comment_status":"closed","ping_status":"closed","template":"","meta":{"iawp_total_views":3,"footnotes":""},"class_list":["post-11396","page","type-page","status-publish","hentry"],"_links":{"self":[{"href":"https:\/\/www.donbosco.press\/de\/wp-json\/wp\/v2\/pages\/11396","targetHints":{"allow":["GET"]}}],"collection":[{"href":"https:\/\/www.donbosco.press\/de\/wp-json\/wp\/v2\/pages"}],"about":[{"href":"https:\/\/www.donbosco.press\/de\/wp-json\/wp\/v2\/types\/page"}],"author":[{"embeddable":true,"href":"https:\/\/www.donbosco.press\/de\/wp-json\/wp\/v2\/users\/1"}],"replies":[{"embeddable":true,"href":"https:\/\/www.donbosco.press\/de\/wp-json\/wp\/v2\/comments?post=11396"}],"version-history":[{"count":1,"href":"https:\/\/www.donbosco.press\/de\/wp-json\/wp\/v2\/pages\/11396\/revisions"}],"predecessor-version":[{"id":52129,"href":"https:\/\/www.donbosco.press\/de\/wp-json\/wp\/v2\/pages\/11396\/revisions\/52129"}],"wp:attachment":[{"href":"https:\/\/www.donbosco.press\/de\/wp-json\/wp\/v2\/media?parent=11396"}],"curies":[{"name":"wp","href":"https:\/\/api.w.org\/{rel}","templated":true}]}}